{"id":174,"date":"2015-11-05T18:48:20","date_gmt":"2015-11-05T17:48:20","guid":{"rendered":"http:\/\/eclisseetbrindille.fr\/?page_id=174"},"modified":"2021-05-15T20:24:21","modified_gmt":"2021-05-15T19:24:21","slug":"galerie-1","status":"publish","type":"page","link":"https:\/\/eclisseetbrindille.fr\/index.php\/galerie-1\/","title":{"rendered":"Galerie"},"content":{"rendered":"\n\t\t<style type=\"text\/css\">\n\t\t\t#gallery-1 {\n\t\t\t\tmargin: auto;\n\t\t\t}\n\t\t\t#gallery-1 .gallery-item {\n\t\t\t\tfloat: left;\n\t\t\t\tmargin-top: 10px;\n\t\t\t\ttext-align: center;\n\t\t\t\twidth: 25%;\n\t\t\t}\n\t\t\t#gallery-1 img {\n\t\t\t\tborder: 2px solid #cfcfcf;\n\t\t\t}\n\t\t\t#gallery-1 .gallery-caption {\n\t\t\t\tmargin-left: 0;\n\t\t\t}\n\t\t\t\/* see gallery_shortcode() in wp-includes\/media.php *\/\n\t\t<\/style>\n\t\t<div id='gallery-1' class='gallery galleryid-174 gallery-columns-4 gallery-size-medium'><dl class='gallery-item'>\n\t\t\t<dt class='gallery-icon portrait'>\n\t\t\t\t<a href='https:\/\/eclisseetbrindille.fr\/wp-content\/uploads\/2020\/11\/Mangeoire-lierre.jpg'><img loading=\"lazy\" decoding=\"async\" width=\"197\" height=\"300\" src=\"https:\/\/eclisseetbrindille.fr\/wp-content\/uploads\/2020\/11\/Mangeoire-lierre-197x300.jpg\" class=\"attachment-medium size-medium\" alt=\"\" aria-describedby=\"gallery-1-1150\" srcset=\"https:\/\/eclisseetbrindille.fr\/wp-content\/uploads\/2020\/11\/Mangeoire-lierre-197x300.jpg 197w, https:\/\/eclisseetbrindille.fr\/wp-content\/uploads\/2020\/11\/Mangeoire-lierre.jpg 671w\" sizes=\"auto, (max-width: 197px) 100vw, 197px\" \/><\/a>\n\t\t\t<\/dt>\n\t\t\t\t<dd class='wp-caption-text gallery-caption' id='gallery-1-1150'>\n\t\t\t\tMangeoire lierre\n\t\t\t\t<\/dd><\/dl><dl class='gallery-item'>\n\t\t\t<dt class='gallery-icon landscape'>\n\t\t\t\t<a href='https:\/\/eclisseetbrindille.fr\/wp-content\/uploads\/2021\/05\/Petite-corbeille-lierre.jpg'><img loading=\"lazy\" decoding=\"async\" width=\"300\" height=\"168\" src=\"https:\/\/eclisseetbrindille.fr\/wp-content\/uploads\/2021\/05\/Petite-corbeille-lierre-300x168.jpg\" class=\"attachment-medium size-medium\" alt=\"\" aria-describedby=\"gallery-1-1435\" srcset=\"https:\/\/eclisseetbrindille.fr\/wp-content\/uploads\/2021\/05\/Petite-corbeille-lierre-300x168.jpg 300w, https:\/\/eclisseetbrindille.fr\/wp-content\/uploads\/2021\/05\/Petite-corbeille-lierre-768x430.jpg 768w, https:\/\/eclisseetbrindille.fr\/wp-content\/uploads\/2021\/05\/Petite-corbeille-lierre.jpg 1006w\" sizes=\"auto, (max-width: 300px) 100vw, 300px\" \/><\/a>\n\t\t\t<\/dt>\n\t\t\t\t<dd class='wp-caption-text gallery-caption' id='gallery-1-1435'>\n\t\t\t\tPetite corbeille lierre\n\t\t\t\t<\/dd><\/dl><dl class='gallery-item'>\n\t\t\t<dt class='gallery-icon landscape'>\n\t\t\t\t<a href='https:\/\/eclisseetbrindille.fr\/wp-content\/uploads\/2021\/05\/Petit-panier.jpg'><img loading=\"lazy\" decoding=\"async\" width=\"300\" height=\"211\" src=\"https:\/\/eclisseetbrindille.fr\/wp-content\/uploads\/2021\/05\/Petit-panier-300x211.jpg\" class=\"attachment-medium size-medium\" alt=\"\" aria-describedby=\"gallery-1-1434\" srcset=\"https:\/\/eclisseetbrindille.fr\/wp-content\/uploads\/2021\/05\/Petit-panier-300x211.jpg 300w, https:\/\/eclisseetbrindille.fr\/wp-content\/uploads\/2021\/05\/Petit-panier-768x541.jpg 768w, https:\/\/eclisseetbrindille.fr\/wp-content\/uploads\/2021\/05\/Petit-panier.jpg 787w\" sizes=\"auto, (max-width: 300px) 100vw, 300px\" \/><\/a>\n\t\t\t<\/dt>\n\t\t\t\t<dd class='wp-caption-text gallery-caption' id='gallery-1-1434'>\n\t\t\t\tPetit panier\n\t\t\t\t<\/dd><\/dl><dl class='gallery-item'>\n\t\t\t<dt class='gallery-icon portrait'>\n\t\t\t\t<a href='https:\/\/eclisseetbrindille.fr\/wp-content\/uploads\/2021\/05\/Petite-mangeoire-racine-1.jpg'><img loading=\"lazy\" decoding=\"async\" width=\"185\" height=\"300\" src=\"https:\/\/eclisseetbrindille.fr\/wp-content\/uploads\/2021\/05\/Petite-mangeoire-racine-1-185x300.jpg\" class=\"attachment-medium size-medium\" alt=\"\" aria-describedby=\"gallery-1-1438\" srcset=\"https:\/\/eclisseetbrindille.fr\/wp-content\/uploads\/2021\/05\/Petite-mangeoire-racine-1-185x300.jpg 185w, https:\/\/eclisseetbrindille.fr\/wp-content\/uploads\/2021\/05\/Petite-mangeoire-racine-1.jpg 549w\" sizes=\"auto, (max-width: 185px) 100vw, 185px\" \/><\/a>\n\t\t\t<\/dt>\n\t\t\t\t<dd class='wp-caption-text gallery-caption' id='gallery-1-1438'>\n\t\t\t\tPetite mangeoire racine\n\t\t\t\t<\/dd><\/dl><br style=\"clear: both\" \/><dl class='gallery-item'>\n\t\t\t<dt class='gallery-icon portrait'>\n\t\t\t\t<a href='https:\/\/eclisseetbrindille.fr\/wp-content\/uploads\/2021\/05\/Mangeoire-racines.jpg'><img loading=\"lazy\" decoding=\"async\" width=\"195\" height=\"300\" src=\"https:\/\/eclisseetbrindille.fr\/wp-content\/uploads\/2021\/05\/Mangeoire-racines-195x300.jpg\" class=\"attachment-medium size-medium\" alt=\"\" aria-describedby=\"gallery-1-1433\" srcset=\"https:\/\/eclisseetbrindille.fr\/wp-content\/uploads\/2021\/05\/Mangeoire-racines-195x300.jpg 195w, https:\/\/eclisseetbrindille.fr\/wp-content\/uploads\/2021\/05\/Mangeoire-racines.jpg 541w\" sizes=\"auto, (max-width: 195px) 100vw, 195px\" \/><\/a>\n\t\t\t<\/dt>\n\t\t\t\t<dd class='wp-caption-text gallery-caption' id='gallery-1-1433'>\n\t\t\t\tMangeoire racines\n\t\t\t\t<\/dd><\/dl><dl class='gallery-item'>\n\t\t\t<dt class='gallery-icon portrait'>\n\t\t\t\t<a href='https:\/\/eclisseetbrindille.fr\/wp-content\/uploads\/2020\/08\/Cornes-dabondance.jpg'><img loading=\"lazy\" decoding=\"async\" width=\"267\" height=\"300\" src=\"https:\/\/eclisseetbrindille.fr\/wp-content\/uploads\/2020\/08\/Cornes-dabondance-267x300.jpg\" class=\"attachment-medium size-medium\" alt=\"\" aria-describedby=\"gallery-1-1148\" srcset=\"https:\/\/eclisseetbrindille.fr\/wp-content\/uploads\/2020\/08\/Cornes-dabondance-267x300.jpg 267w, https:\/\/eclisseetbrindille.fr\/wp-content\/uploads\/2020\/08\/Cornes-dabondance.jpg 569w\" sizes=\"auto, (max-width: 267px) 100vw, 267px\" \/><\/a>\n\t\t\t<\/dt>\n\t\t\t\t<dd class='wp-caption-text gallery-caption' id='gallery-1-1148'>\n\t\t\t\tPetites cornes d&rsquo;abondance\n\t\t\t\t<\/dd><\/dl><dl class='gallery-item'>\n\t\t\t<dt class='gallery-icon portrait'>\n\t\t\t\t<a href='https:\/\/eclisseetbrindille.fr\/wp-content\/uploads\/2019\/08\/Mangeoire-design2.jpg'><img loading=\"lazy\" decoding=\"async\" width=\"185\" height=\"300\" src=\"https:\/\/eclisseetbrindille.fr\/wp-content\/uploads\/2019\/08\/Mangeoire-design2-185x300.jpg\" class=\"attachment-medium size-medium\" alt=\"\" aria-describedby=\"gallery-1-1095\" srcset=\"https:\/\/eclisseetbrindille.fr\/wp-content\/uploads\/2019\/08\/Mangeoire-design2-185x300.jpg 185w, https:\/\/eclisseetbrindille.fr\/wp-content\/uploads\/2019\/08\/Mangeoire-design2-768x1248.jpg 768w, https:\/\/eclisseetbrindille.fr\/wp-content\/uploads\/2019\/08\/Mangeoire-design2-630x1024.jpg 630w\" sizes=\"auto, (max-width: 185px) 100vw, 185px\" \/><\/a>\n\t\t\t<\/dt>\n\t\t\t\t<dd class='wp-caption-text gallery-caption' id='gallery-1-1095'>\n\t\t\t\tMangeoire racine\n\t\t\t\t<\/dd><\/dl><dl class='gallery-item'>\n\t\t\t<dt class='gallery-icon landscape'>\n\t\t\t\t<a href='https:\/\/eclisseetbrindille.fr\/wp-content\/uploads\/2015\/11\/Petite-corbeille-viorne-noisetier-anse-lierre.jpg'><img loading=\"lazy\" decoding=\"async\" width=\"300\" height=\"192\" src=\"https:\/\/eclisseetbrindille.fr\/wp-content\/uploads\/2015\/11\/Petite-corbeille-viorne-noisetier-anse-lierre-300x192.jpg\" class=\"attachment-medium size-medium\" alt=\"\" aria-describedby=\"gallery-1-191\" srcset=\"https:\/\/eclisseetbrindille.fr\/wp-content\/uploads\/2015\/11\/Petite-corbeille-viorne-noisetier-anse-lierre-300x192.jpg 300w, https:\/\/eclisseetbrindille.fr\/wp-content\/uploads\/2015\/11\/Petite-corbeille-viorne-noisetier-anse-lierre-1024x656.jpg 1024w\" sizes=\"auto, (max-width: 300px) 100vw, 300px\" \/><\/a>\n\t\t\t<\/dt>\n\t\t\t\t<dd class='wp-caption-text gallery-caption' id='gallery-1-191'>\n\t\t\t\tPetite corbeille viorne noisetier anse lierre\n\t\t\t\t<\/dd><\/dl><br style=\"clear: both\" \/><dl class='gallery-item'>\n\t\t\t<dt class='gallery-icon portrait'>\n\t\t\t\t<a href='https:\/\/eclisseetbrindille.fr\/wp-content\/uploads\/2018\/06\/Mangeoire-design.jpg'><img loading=\"lazy\" decoding=\"async\" width=\"262\" height=\"300\" src=\"https:\/\/eclisseetbrindille.fr\/wp-content\/uploads\/2018\/06\/Mangeoire-design-262x300.jpg\" class=\"attachment-medium size-medium\" alt=\"\" aria-describedby=\"gallery-1-912\" srcset=\"https:\/\/eclisseetbrindille.fr\/wp-content\/uploads\/2018\/06\/Mangeoire-design-262x300.jpg 262w, https:\/\/eclisseetbrindille.fr\/wp-content\/uploads\/2018\/06\/Mangeoire-design-768x880.jpg 768w, https:\/\/eclisseetbrindille.fr\/wp-content\/uploads\/2018\/06\/Mangeoire-design-894x1024.jpg 894w\" sizes=\"auto, (max-width: 262px) 100vw, 262px\" \/><\/a>\n\t\t\t<\/dt>\n\t\t\t\t<dd class='wp-caption-text gallery-caption' id='gallery-1-912'>\n\t\t\t\tMangeoire design 1\n\t\t\t\t<\/dd><\/dl><dl class='gallery-item'>\n\t\t\t<dt class='gallery-icon portrait'>\n\t\t\t\t<a href='https:\/\/eclisseetbrindille.fr\/wp-content\/uploads\/2019\/08\/Mangeoire-design1.jpg'><img loading=\"lazy\" decoding=\"async\" width=\"208\" height=\"300\" src=\"https:\/\/eclisseetbrindille.fr\/wp-content\/uploads\/2019\/08\/Mangeoire-design1-208x300.jpg\" class=\"attachment-medium size-medium\" alt=\"\" aria-describedby=\"gallery-1-1094\" srcset=\"https:\/\/eclisseetbrindille.fr\/wp-content\/uploads\/2019\/08\/Mangeoire-design1-208x300.jpg 208w, https:\/\/eclisseetbrindille.fr\/wp-content\/uploads\/2019\/08\/Mangeoire-design1-768x1107.jpg 768w, https:\/\/eclisseetbrindille.fr\/wp-content\/uploads\/2019\/08\/Mangeoire-design1-710x1024.jpg 710w\" sizes=\"auto, (max-width: 208px) 100vw, 208px\" \/><\/a>\n\t\t\t<\/dt>\n\t\t\t\t<dd class='wp-caption-text gallery-caption' id='gallery-1-1094'>\n\t\t\t\tMangeoire design 2\n\t\t\t\t<\/dd><\/dl><dl class='gallery-item'>\n\t\t\t<dt class='gallery-icon landscape'>\n\t\t\t\t<a href='https:\/\/eclisseetbrindille.fr\/wp-content\/uploads\/2019\/08\/Corbeille-barque1.jpg'><img loading=\"lazy\" decoding=\"async\" width=\"300\" height=\"246\" src=\"https:\/\/eclisseetbrindille.fr\/wp-content\/uploads\/2019\/08\/Corbeille-barque1-300x246.jpg\" class=\"attachment-medium size-medium\" alt=\"\" aria-describedby=\"gallery-1-1093\" srcset=\"https:\/\/eclisseetbrindille.fr\/wp-content\/uploads\/2019\/08\/Corbeille-barque1-300x246.jpg 300w, https:\/\/eclisseetbrindille.fr\/wp-content\/uploads\/2019\/08\/Corbeille-barque1-768x631.jpg 768w, https:\/\/eclisseetbrindille.fr\/wp-content\/uploads\/2019\/08\/Corbeille-barque1-1024x841.jpg 1024w\" sizes=\"auto, (max-width: 300px) 100vw, 300px\" \/><\/a>\n\t\t\t<\/dt>\n\t\t\t\t<dd class='wp-caption-text gallery-caption' id='gallery-1-1093'>\n\t\t\t\tCorbeille barque\n\t\t\t\t<\/dd><\/dl><dl class='gallery-item'>\n\t\t\t<dt class='gallery-icon landscape'>\n\t\t\t\t<a href='https:\/\/eclisseetbrindille.fr\/wp-content\/uploads\/2017\/06\/Grande-corbeille-fa\u00e7on-charpaigne-du-chatillonnais.jpg'><img loading=\"lazy\" decoding=\"async\" width=\"300\" height=\"225\" src=\"https:\/\/eclisseetbrindille.fr\/wp-content\/uploads\/2017\/06\/Grande-corbeille-fa\u00e7on-charpaigne-du-chatillonnais-300x225.jpg\" class=\"attachment-medium size-medium\" alt=\"\" aria-describedby=\"gallery-1-768\" srcset=\"https:\/\/eclisseetbrindille.fr\/wp-content\/uploads\/2017\/06\/Grande-corbeille-fa\u00e7on-charpaigne-du-chatillonnais-300x225.jpg 300w, https:\/\/eclisseetbrindille.fr\/wp-content\/uploads\/2017\/06\/Grande-corbeille-fa\u00e7on-charpaigne-du-chatillonnais-768x576.jpg 768w, https:\/\/eclisseetbrindille.fr\/wp-content\/uploads\/2017\/06\/Grande-corbeille-fa\u00e7on-charpaigne-du-chatillonnais-1024x768.jpg 1024w\" sizes=\"auto, (max-width: 300px) 100vw, 300px\" \/><\/a>\n\t\t\t<\/dt>\n\t\t\t\t<dd class='wp-caption-text gallery-caption' id='gallery-1-768'>\n\t\t\t\tGrande corbeille fa\u00e7on charpaigne du chatillonnais\n\t\t\t\t<\/dd><\/dl><br style=\"clear: both\" \/><dl class='gallery-item'>\n\t\t\t<dt class='gallery-icon landscape'>\n\t\t\t\t<a href='https:\/\/eclisseetbrindille.fr\/wp-content\/uploads\/2017\/06\/Panier-anse-bourdaine.jpg'><img loading=\"lazy\" decoding=\"async\" width=\"300\" height=\"298\" src=\"https:\/\/eclisseetbrindille.fr\/wp-content\/uploads\/2017\/06\/Panier-anse-bourdaine-300x298.jpg\" class=\"attachment-medium size-medium\" alt=\"\" aria-describedby=\"gallery-1-770\" srcset=\"https:\/\/eclisseetbrindille.fr\/wp-content\/uploads\/2017\/06\/Panier-anse-bourdaine-300x298.jpg 300w, https:\/\/eclisseetbrindille.fr\/wp-content\/uploads\/2017\/06\/Panier-anse-bourdaine-150x150.jpg 150w, https:\/\/eclisseetbrindille.fr\/wp-content\/uploads\/2017\/06\/Panier-anse-bourdaine-768x762.jpg 768w, https:\/\/eclisseetbrindille.fr\/wp-content\/uploads\/2017\/06\/Panier-anse-bourdaine-1024x1016.jpg 1024w\" sizes=\"auto, (max-width: 300px) 100vw, 300px\" \/><\/a>\n\t\t\t<\/dt>\n\t\t\t\t<dd class='wp-caption-text gallery-caption' id='gallery-1-770'>\n\t\t\t\tPanier anse bourdaine\n\t\t\t\t<\/dd><\/dl><dl class='gallery-item'>\n\t\t\t<dt class='gallery-icon portrait'>\n\t\t\t\t<a href='https:\/\/eclisseetbrindille.fr\/wp-content\/uploads\/2019\/08\/Mangeoire-gui1.jpg'><img loading=\"lazy\" decoding=\"async\" width=\"200\" height=\"300\" src=\"https:\/\/eclisseetbrindille.fr\/wp-content\/uploads\/2019\/08\/Mangeoire-gui1-200x300.jpg\" class=\"attachment-medium size-medium\" alt=\"\" aria-describedby=\"gallery-1-1096\" srcset=\"https:\/\/eclisseetbrindille.fr\/wp-content\/uploads\/2019\/08\/Mangeoire-gui1-200x300.jpg 200w, https:\/\/eclisseetbrindille.fr\/wp-content\/uploads\/2019\/08\/Mangeoire-gui1-768x1151.jpg 768w, https:\/\/eclisseetbrindille.fr\/wp-content\/uploads\/2019\/08\/Mangeoire-gui1-683x1024.jpg 683w\" sizes=\"auto, (max-width: 200px) 100vw, 200px\" \/><\/a>\n\t\t\t<\/dt>\n\t\t\t\t<dd class='wp-caption-text gallery-caption' id='gallery-1-1096'>\n\t\t\t\tMangeoire gui\n\t\t\t\t<\/dd><\/dl><dl class='gallery-item'>\n\t\t\t<dt class='gallery-icon landscape'>\n\t\t\t\t<a href='https:\/\/eclisseetbrindille.fr\/wp-content\/uploads\/2018\/06\/Petit-panier-design-.jpg'><img loading=\"lazy\" decoding=\"async\" width=\"300\" height=\"242\" src=\"https:\/\/eclisseetbrindille.fr\/wp-content\/uploads\/2018\/06\/Petit-panier-design--300x242.jpg\" class=\"attachment-medium size-medium\" alt=\"\" aria-describedby=\"gallery-1-916\" srcset=\"https:\/\/eclisseetbrindille.fr\/wp-content\/uploads\/2018\/06\/Petit-panier-design--300x242.jpg 300w, https:\/\/eclisseetbrindille.fr\/wp-content\/uploads\/2018\/06\/Petit-panier-design--768x618.jpg 768w, https:\/\/eclisseetbrindille.fr\/wp-content\/uploads\/2018\/06\/Petit-panier-design--1024x824.jpg 1024w\" sizes=\"auto, (max-width: 300px) 100vw, 300px\" \/><\/a>\n\t\t\t<\/dt>\n\t\t\t\t<dd class='wp-caption-text gallery-caption' id='gallery-1-916'>\n\t\t\t\tPetit panier design\n\t\t\t\t<\/dd><\/dl><dl class='gallery-item'>\n\t\t\t<dt class='gallery-icon portrait'>\n\t\t\t\t<a href='https:\/\/eclisseetbrindille.fr\/wp-content\/uploads\/2018\/06\/Corbeille-col\u00e9opt\u00e8re.jpg'><img loading=\"lazy\" decoding=\"async\" width=\"270\" height=\"300\" src=\"https:\/\/eclisseetbrindille.fr\/wp-content\/uploads\/2018\/06\/Corbeille-col\u00e9opt\u00e8re-270x300.jpg\" class=\"attachment-medium size-medium\" alt=\"\" aria-describedby=\"gallery-1-922\" srcset=\"https:\/\/eclisseetbrindille.fr\/wp-content\/uploads\/2018\/06\/Corbeille-col\u00e9opt\u00e8re-270x300.jpg 270w, https:\/\/eclisseetbrindille.fr\/wp-content\/uploads\/2018\/06\/Corbeille-col\u00e9opt\u00e8re-768x855.jpg 768w, https:\/\/eclisseetbrindille.fr\/wp-content\/uploads\/2018\/06\/Corbeille-col\u00e9opt\u00e8re-920x1024.jpg 920w, https:\/\/eclisseetbrindille.fr\/wp-content\/uploads\/2018\/06\/Corbeille-col\u00e9opt\u00e8re.jpg 1118w\" sizes=\"auto, (max-width: 270px) 100vw, 270px\" \/><\/a>\n\t\t\t<\/dt>\n\t\t\t\t<dd class='wp-caption-text gallery-caption' id='gallery-1-922'>\n\t\t\t\tCorbeille col\u00e9opt\u00e8re\n\t\t\t\t<\/dd><\/dl><br style=\"clear: both\" \/><dl class='gallery-item'>\n\t\t\t<dt class='gallery-icon landscape'>\n\t\t\t\t<a href='https:\/\/eclisseetbrindille.fr\/wp-content\/uploads\/2018\/06\/Panier-rond-.jpg'><img loading=\"lazy\" decoding=\"async\" width=\"300\" height=\"284\" src=\"https:\/\/eclisseetbrindille.fr\/wp-content\/uploads\/2018\/06\/Panier-rond--300x284.jpg\" class=\"attachment-medium size-medium\" alt=\"\" aria-describedby=\"gallery-1-920\" srcset=\"https:\/\/eclisseetbrindille.fr\/wp-content\/uploads\/2018\/06\/Panier-rond--300x284.jpg 300w, https:\/\/eclisseetbrindille.fr\/wp-content\/uploads\/2018\/06\/Panier-rond--768x726.jpg 768w, https:\/\/eclisseetbrindille.fr\/wp-content\/uploads\/2018\/06\/Panier-rond--1024x969.jpg 1024w\" sizes=\"auto, (max-width: 300px) 100vw, 300px\" \/><\/a>\n\t\t\t<\/dt>\n\t\t\t\t<dd class='wp-caption-text gallery-caption' id='gallery-1-920'>\n\t\t\t\tPanier rond\n\t\t\t\t<\/dd><\/dl><dl class='gallery-item'>\n\t\t\t<dt class='gallery-icon portrait'>\n\t\t\t\t<a href='https:\/\/eclisseetbrindille.fr\/wp-content\/uploads\/2016\/12\/Pantin-articul\u00e9.jpg'><img loading=\"lazy\" decoding=\"async\" width=\"199\" height=\"300\" src=\"https:\/\/eclisseetbrindille.fr\/wp-content\/uploads\/2016\/12\/Pantin-articul\u00e9-199x300.jpg\" class=\"attachment-medium size-medium\" alt=\"\" aria-describedby=\"gallery-1-651\" srcset=\"https:\/\/eclisseetbrindille.fr\/wp-content\/uploads\/2016\/12\/Pantin-articul\u00e9-199x300.jpg 199w, https:\/\/eclisseetbrindille.fr\/wp-content\/uploads\/2016\/12\/Pantin-articul\u00e9-768x1161.jpg 768w, https:\/\/eclisseetbrindille.fr\/wp-content\/uploads\/2016\/12\/Pantin-articul\u00e9-678x1024.jpg 678w\" sizes=\"auto, (max-width: 199px) 100vw, 199px\" \/><\/a>\n\t\t\t<\/dt>\n\t\t\t\t<dd class='wp-caption-text gallery-caption' id='gallery-1-651'>\n\t\t\t\tPantin articul\u00e9\n\t\t\t\t<\/dd><\/dl><dl class='gallery-item'>\n\t\t\t<dt class='gallery-icon portrait'>\n\t\t\t\t<a href='https:\/\/eclisseetbrindille.fr\/wp-content\/uploads\/2019\/08\/Nichoir1.jpg'><img loading=\"lazy\" decoding=\"async\" width=\"156\" height=\"300\" src=\"https:\/\/eclisseetbrindille.fr\/wp-content\/uploads\/2019\/08\/Nichoir1-156x300.jpg\" class=\"attachment-medium size-medium\" alt=\"\" aria-describedby=\"gallery-1-1098\" srcset=\"https:\/\/eclisseetbrindille.fr\/wp-content\/uploads\/2019\/08\/Nichoir1-156x300.jpg 156w, https:\/\/eclisseetbrindille.fr\/wp-content\/uploads\/2019\/08\/Nichoir1-768x1477.jpg 768w, https:\/\/eclisseetbrindille.fr\/wp-content\/uploads\/2019\/08\/Nichoir1-532x1024.jpg 532w\" sizes=\"auto, (max-width: 156px) 100vw, 156px\" \/><\/a>\n\t\t\t<\/dt>\n\t\t\t\t<dd class='wp-caption-text gallery-caption' id='gallery-1-1098'>\n\t\t\t\tMangeoire nichoir\n\t\t\t\t<\/dd><\/dl><dl class='gallery-item'>\n\t\t\t<dt class='gallery-icon portrait'>\n\t\t\t\t<a href='https:\/\/eclisseetbrindille.fr\/wp-content\/uploads\/2016\/10\/Lanterne-noisetier-tortueux.jpg'><img loading=\"lazy\" decoding=\"async\" width=\"195\" height=\"300\" src=\"https:\/\/eclisseetbrindille.fr\/wp-content\/uploads\/2016\/10\/Lanterne-noisetier-tortueux-195x300.jpg\" class=\"attachment-medium size-medium\" alt=\"\" aria-describedby=\"gallery-1-631\" srcset=\"https:\/\/eclisseetbrindille.fr\/wp-content\/uploads\/2016\/10\/Lanterne-noisetier-tortueux-195x300.jpg 195w, https:\/\/eclisseetbrindille.fr\/wp-content\/uploads\/2016\/10\/Lanterne-noisetier-tortueux-768x1181.jpg 768w, https:\/\/eclisseetbrindille.fr\/wp-content\/uploads\/2016\/10\/Lanterne-noisetier-tortueux-666x1024.jpg 666w\" sizes=\"auto, (max-width: 195px) 100vw, 195px\" \/><\/a>\n\t\t\t<\/dt>\n\t\t\t\t<dd class='wp-caption-text gallery-caption' id='gallery-1-631'>\n\t\t\t\tLanterne noisetier tortueux\n\t\t\t\t<\/dd><\/dl><br style=\"clear: both\" \/><dl class='gallery-item'>\n\t\t\t<dt class='gallery-icon portrait'>\n\t\t\t\t<a href='https:\/\/eclisseetbrindille.fr\/wp-content\/uploads\/2015\/11\/Chapeau-de-sorci\u00e8re-viorne-et-noisetier.jpg'><img loading=\"lazy\" decoding=\"async\" width=\"263\" height=\"300\" src=\"https:\/\/eclisseetbrindille.fr\/wp-content\/uploads\/2015\/11\/Chapeau-de-sorci\u00e8re-viorne-et-noisetier-263x300.jpg\" class=\"attachment-medium size-medium\" alt=\"\" aria-describedby=\"gallery-1-210\" srcset=\"https:\/\/eclisseetbrindille.fr\/wp-content\/uploads\/2015\/11\/Chapeau-de-sorci\u00e8re-viorne-et-noisetier-263x300.jpg 263w, https:\/\/eclisseetbrindille.fr\/wp-content\/uploads\/2015\/11\/Chapeau-de-sorci\u00e8re-viorne-et-noisetier-896x1024.jpg 896w\" sizes=\"auto, (max-width: 263px) 100vw, 263px\" \/><\/a>\n\t\t\t<\/dt>\n\t\t\t\t<dd class='wp-caption-text gallery-caption' id='gallery-1-210'>\n\t\t\t\tChapeau de sorci\u00e8re viorne et noisetier\n\t\t\t\t<\/dd><\/dl><dl class='gallery-item'>\n\t\t\t<dt class='gallery-icon landscape'>\n\t\t\t\t<a href='https:\/\/eclisseetbrindille.fr\/wp-content\/uploads\/2019\/08\/Petit-panier-rond1.jpg'><img loading=\"lazy\" decoding=\"async\" width=\"300\" height=\"276\" src=\"https:\/\/eclisseetbrindille.fr\/wp-content\/uploads\/2019\/08\/Petit-panier-rond1-300x276.jpg\" class=\"attachment-medium size-medium\" alt=\"\" aria-describedby=\"gallery-1-1099\" srcset=\"https:\/\/eclisseetbrindille.fr\/wp-content\/uploads\/2019\/08\/Petit-panier-rond1-300x276.jpg 300w, https:\/\/eclisseetbrindille.fr\/wp-content\/uploads\/2019\/08\/Petit-panier-rond1-768x705.jpg 768w, https:\/\/eclisseetbrindille.fr\/wp-content\/uploads\/2019\/08\/Petit-panier-rond1-1024x941.jpg 1024w\" sizes=\"auto, (max-width: 300px) 100vw, 300px\" \/><\/a>\n\t\t\t<\/dt>\n\t\t\t\t<dd class='wp-caption-text gallery-caption' id='gallery-1-1099'>\n\t\t\t\tPetit panier rond\n\t\t\t\t<\/dd><\/dl><dl class='gallery-item'>\n\t\t\t<dt class='gallery-icon landscape'>\n\t\t\t\t<a href='https:\/\/eclisseetbrindille.fr\/wp-content\/uploads\/2017\/04\/Cloche-\u00e0-fromage-rustique-c.jpg'><img loading=\"lazy\" decoding=\"async\" width=\"300\" height=\"253\" src=\"https:\/\/eclisseetbrindille.fr\/wp-content\/uploads\/2017\/04\/Cloche-\u00e0-fromage-rustique-c-300x253.jpg\" class=\"attachment-medium size-medium\" alt=\"\" aria-describedby=\"gallery-1-686\" srcset=\"https:\/\/eclisseetbrindille.fr\/wp-content\/uploads\/2017\/04\/Cloche-\u00e0-fromage-rustique-c-300x253.jpg 300w, https:\/\/eclisseetbrindille.fr\/wp-content\/uploads\/2017\/04\/Cloche-\u00e0-fromage-rustique-c-768x648.jpg 768w, https:\/\/eclisseetbrindille.fr\/wp-content\/uploads\/2017\/04\/Cloche-\u00e0-fromage-rustique-c-1024x864.jpg 1024w\" sizes=\"auto, (max-width: 300px) 100vw, 300px\" \/><\/a>\n\t\t\t<\/dt>\n\t\t\t\t<dd class='wp-caption-text gallery-caption' id='gallery-1-686'>\n\t\t\t\tCloche \u00e0 fromage rustique\n\t\t\t\t<\/dd><\/dl><dl class='gallery-item'>\n\t\t\t<dt class='gallery-icon portrait'>\n\t\t\t\t<a href='https:\/\/eclisseetbrindille.fr\/wp-content\/uploads\/2019\/08\/Mangeoire-lierre1.jpg'><img loading=\"lazy\" decoding=\"async\" width=\"188\" height=\"300\" src=\"https:\/\/eclisseetbrindille.fr\/wp-content\/uploads\/2019\/08\/Mangeoire-lierre1-188x300.jpg\" class=\"attachment-medium size-medium\" alt=\"\" aria-describedby=\"gallery-1-1097\" srcset=\"https:\/\/eclisseetbrindille.fr\/wp-content\/uploads\/2019\/08\/Mangeoire-lierre1-188x300.jpg 188w, https:\/\/eclisseetbrindille.fr\/wp-content\/uploads\/2019\/08\/Mangeoire-lierre1-768x1223.jpg 768w, https:\/\/eclisseetbrindille.fr\/wp-content\/uploads\/2019\/08\/Mangeoire-lierre1-643x1024.jpg 643w\" sizes=\"auto, (max-width: 188px) 100vw, 188px\" \/><\/a>\n\t\t\t<\/dt>\n\t\t\t\t<dd class='wp-caption-text gallery-caption' id='gallery-1-1097'>\n\t\t\t\tMangeoire lierre\n\t\t\t\t<\/dd><\/dl><br style=\"clear: both\" \/><dl class='gallery-item'>\n\t\t\t<dt class='gallery-icon landscape'>\n\t\t\t\t<a href='https:\/\/eclisseetbrindille.fr\/wp-content\/uploads\/2016\/06\/Corbeille-asym\u00e9trique-01c.jpg'><img loading=\"lazy\" decoding=\"async\" width=\"300\" height=\"225\" src=\"https:\/\/eclisseetbrindille.fr\/wp-content\/uploads\/2016\/06\/Corbeille-asym\u00e9trique-01c-300x225.jpg\" class=\"attachment-medium size-medium\" alt=\"\" aria-describedby=\"gallery-1-508\" srcset=\"https:\/\/eclisseetbrindille.fr\/wp-content\/uploads\/2016\/06\/Corbeille-asym\u00e9trique-01c-300x225.jpg 300w, https:\/\/eclisseetbrindille.fr\/wp-content\/uploads\/2016\/06\/Corbeille-asym\u00e9trique-01c-768x576.jpg 768w, https:\/\/eclisseetbrindille.fr\/wp-content\/uploads\/2016\/06\/Corbeille-asym\u00e9trique-01c-1024x768.jpg 1024w\" sizes=\"auto, (max-width: 300px) 100vw, 300px\" \/><\/a>\n\t\t\t<\/dt>\n\t\t\t\t<dd class='wp-caption-text gallery-caption' id='gallery-1-508'>\n\t\t\t\tCorbeille van\n\t\t\t\t<\/dd><\/dl><dl class='gallery-item'>\n\t\t\t<dt class='gallery-icon portrait'>\n\t\t\t\t<a href='https:\/\/eclisseetbrindille.fr\/wp-content\/uploads\/2017\/05\/Mangeoire-bourdaine-lierre.jpg'><img loading=\"lazy\" decoding=\"async\" width=\"201\" height=\"300\" src=\"https:\/\/eclisseetbrindille.fr\/wp-content\/uploads\/2017\/05\/Mangeoire-bourdaine-lierre-201x300.jpg\" class=\"attachment-medium size-medium\" alt=\"\" aria-describedby=\"gallery-1-747\" srcset=\"https:\/\/eclisseetbrindille.fr\/wp-content\/uploads\/2017\/05\/Mangeoire-bourdaine-lierre-201x300.jpg 201w, https:\/\/eclisseetbrindille.fr\/wp-content\/uploads\/2017\/05\/Mangeoire-bourdaine-lierre-768x1145.jpg 768w, https:\/\/eclisseetbrindille.fr\/wp-content\/uploads\/2017\/05\/Mangeoire-bourdaine-lierre-687x1024.jpg 687w\" sizes=\"auto, (max-width: 201px) 100vw, 201px\" \/><\/a>\n\t\t\t<\/dt>\n\t\t\t\t<dd class='wp-caption-text gallery-caption' id='gallery-1-747'>\n\t\t\t\tMangeoire bourdaine lierre\n\t\t\t\t<\/dd><\/dl><dl class='gallery-item'>\n\t\t\t<dt class='gallery-icon landscape'>\n\t\t\t\t<a href='https:\/\/eclisseetbrindille.fr\/wp-content\/uploads\/2017\/04\/Corbeille-anse-rustique-c.jpg'><img loading=\"lazy\" decoding=\"async\" width=\"300\" height=\"190\" src=\"https:\/\/eclisseetbrindille.fr\/wp-content\/uploads\/2017\/04\/Corbeille-anse-rustique-c-300x190.jpg\" class=\"attachment-medium size-medium\" alt=\"\" srcset=\"https:\/\/eclisseetbrindille.fr\/wp-content\/uploads\/2017\/04\/Corbeille-anse-rustique-c-300x190.jpg 300w, https:\/\/eclisseetbrindille.fr\/wp-content\/uploads\/2017\/04\/Corbeille-anse-rustique-c-768x488.jpg 768w, https:\/\/eclisseetbrindille.fr\/wp-content\/uploads\/2017\/04\/Corbeille-anse-rustique-c-1024x650.jpg 1024w\" sizes=\"auto, (max-width: 300px) 100vw, 300px\" \/><\/a>\n\t\t\t<\/dt><\/dl><dl class='gallery-item'>\n\t\t\t<dt class='gallery-icon portrait'>\n\t\t\t\t<a href='https:\/\/eclisseetbrindille.fr\/wp-content\/uploads\/2016\/07\/Arche-de-mariage-1.jpg'><img loading=\"lazy\" decoding=\"async\" width=\"225\" height=\"300\" src=\"https:\/\/eclisseetbrindille.fr\/wp-content\/uploads\/2016\/07\/Arche-de-mariage-1-225x300.jpg\" class=\"attachment-medium size-medium\" alt=\"\" aria-describedby=\"gallery-1-551\" srcset=\"https:\/\/eclisseetbrindille.fr\/wp-content\/uploads\/2016\/07\/Arche-de-mariage-1-225x300.jpg 225w, https:\/\/eclisseetbrindille.fr\/wp-content\/uploads\/2016\/07\/Arche-de-mariage-1-768x1024.jpg 768w\" sizes=\"auto, (max-width: 225px) 100vw, 225px\" \/><\/a>\n\t\t\t<\/dt>\n\t\t\t\t<dd class='wp-caption-text gallery-caption' id='gallery-1-551'>\n\t\t\t\tArche de mariage armature noisetier\n\t\t\t\t<\/dd><\/dl><br style=\"clear: both\" \/><dl class='gallery-item'>\n\t\t\t<dt class='gallery-icon landscape'>\n\t\t\t\t<a href='https:\/\/eclisseetbrindille.fr\/wp-content\/uploads\/2017\/09\/Corbeille-\u00e0-fruits-design.jpg'><img loading=\"lazy\" decoding=\"async\" width=\"300\" height=\"297\" src=\"https:\/\/eclisseetbrindille.fr\/wp-content\/uploads\/2017\/09\/Corbeille-\u00e0-fruits-design-300x297.jpg\" class=\"attachment-medium size-medium\" alt=\"\" aria-describedby=\"gallery-1-802\" srcset=\"https:\/\/eclisseetbrindille.fr\/wp-content\/uploads\/2017\/09\/Corbeille-\u00e0-fruits-design-300x297.jpg 300w, https:\/\/eclisseetbrindille.fr\/wp-content\/uploads\/2017\/09\/Corbeille-\u00e0-fruits-design-150x150.jpg 150w, https:\/\/eclisseetbrindille.fr\/wp-content\/uploads\/2017\/09\/Corbeille-\u00e0-fruits-design-768x761.jpg 768w, https:\/\/eclisseetbrindille.fr\/wp-content\/uploads\/2017\/09\/Corbeille-\u00e0-fruits-design-1024x1014.jpg 1024w\" sizes=\"auto, (max-width: 300px) 100vw, 300px\" \/><\/a>\n\t\t\t<\/dt>\n\t\t\t\t<dd class='wp-caption-text gallery-caption' id='gallery-1-802'>\n\t\t\t\tCorbeille \u00e0 fruits design\n\t\t\t\t<\/dd><\/dl><dl class='gallery-item'>\n\t\t\t<dt class='gallery-icon portrait'>\n\t\t\t\t<a href='https:\/\/eclisseetbrindille.fr\/wp-content\/uploads\/2017\/05\/Mangeoire-pour-les-oiseaux.jpg'><img loading=\"lazy\" decoding=\"async\" width=\"225\" height=\"300\" src=\"https:\/\/eclisseetbrindille.fr\/wp-content\/uploads\/2017\/05\/Mangeoire-pour-les-oiseaux-225x300.jpg\" class=\"attachment-medium size-medium\" alt=\"\" aria-describedby=\"gallery-1-743\" srcset=\"https:\/\/eclisseetbrindille.fr\/wp-content\/uploads\/2017\/05\/Mangeoire-pour-les-oiseaux-225x300.jpg 225w, https:\/\/eclisseetbrindille.fr\/wp-content\/uploads\/2017\/05\/Mangeoire-pour-les-oiseaux-768x1024.jpg 768w\" sizes=\"auto, (max-width: 225px) 100vw, 225px\" \/><\/a>\n\t\t\t<\/dt>\n\t\t\t\t<dd class='wp-caption-text gallery-caption' id='gallery-1-743'>\n\t\t\t\tMangeoire pour les oiseaux\n\t\t\t\t<\/dd><\/dl><dl class='gallery-item'>\n\t\t\t<dt class='gallery-icon landscape'>\n\t\t\t\t<a href='https:\/\/eclisseetbrindille.fr\/wp-content\/uploads\/2015\/11\/Petite-corne-dabondance-viorne.jpg'><img loading=\"lazy\" decoding=\"async\" width=\"300\" height=\"177\" src=\"https:\/\/eclisseetbrindille.fr\/wp-content\/uploads\/2015\/11\/Petite-corne-dabondance-viorne-300x177.jpg\" class=\"attachment-medium size-medium\" alt=\"\" aria-describedby=\"gallery-1-193\" srcset=\"https:\/\/eclisseetbrindille.fr\/wp-content\/uploads\/2015\/11\/Petite-corne-dabondance-viorne-300x177.jpg 300w, https:\/\/eclisseetbrindille.fr\/wp-content\/uploads\/2015\/11\/Petite-corne-dabondance-viorne-1024x603.jpg 1024w\" sizes=\"auto, (max-width: 300px) 100vw, 300px\" \/><\/a>\n\t\t\t<\/dt>\n\t\t\t\t<dd class='wp-caption-text gallery-caption' id='gallery-1-193'>\n\t\t\t\tPetite corne d&rsquo;abondance viorne\n\t\t\t\t<\/dd><\/dl><dl class='gallery-item'>\n\t\t\t<dt class='gallery-icon portrait'>\n\t\t\t\t<a href='https:\/\/eclisseetbrindille.fr\/wp-content\/uploads\/2015\/11\/Grande-mangeoire-rustique-\u00e0-suspendre.jpg'><img loading=\"lazy\" decoding=\"async\" width=\"156\" height=\"300\" src=\"https:\/\/eclisseetbrindille.fr\/wp-content\/uploads\/2015\/11\/Grande-mangeoire-rustique-\u00e0-suspendre-156x300.jpg\" class=\"attachment-medium size-medium\" alt=\"\" aria-describedby=\"gallery-1-240\" srcset=\"https:\/\/eclisseetbrindille.fr\/wp-content\/uploads\/2015\/11\/Grande-mangeoire-rustique-\u00e0-suspendre-156x300.jpg 156w, https:\/\/eclisseetbrindille.fr\/wp-content\/uploads\/2015\/11\/Grande-mangeoire-rustique-\u00e0-suspendre-532x1024.jpg 532w\" sizes=\"auto, (max-width: 156px) 100vw, 156px\" \/><\/a>\n\t\t\t<\/dt>\n\t\t\t\t<dd class='wp-caption-text gallery-caption' id='gallery-1-240'>\n\t\t\t\tGrande mangeoire rustique \u00e0 suspendre\n\t\t\t\t<\/dd><\/dl><br style=\"clear: both\" \/><dl class='gallery-item'>\n\t\t\t<dt class='gallery-icon portrait'>\n\t\t\t\t<a href='https:\/\/eclisseetbrindille.fr\/wp-content\/uploads\/2015\/11\/Panier-rond-anse-torsad\u00e9e-tro\u00e8ne.jpg'><img loading=\"lazy\" decoding=\"async\" width=\"285\" height=\"300\" src=\"https:\/\/eclisseetbrindille.fr\/wp-content\/uploads\/2015\/11\/Panier-rond-anse-torsad\u00e9e-tro\u00e8ne-285x300.jpg\" class=\"attachment-medium size-medium\" alt=\"\" aria-describedby=\"gallery-1-189\" srcset=\"https:\/\/eclisseetbrindille.fr\/wp-content\/uploads\/2015\/11\/Panier-rond-anse-torsad\u00e9e-tro\u00e8ne-285x300.jpg 285w, https:\/\/eclisseetbrindille.fr\/wp-content\/uploads\/2015\/11\/Panier-rond-anse-torsad\u00e9e-tro\u00e8ne-971x1024.jpg 971w\" sizes=\"auto, (max-width: 285px) 100vw, 285px\" \/><\/a>\n\t\t\t<\/dt>\n\t\t\t\t<dd class='wp-caption-text gallery-caption' id='gallery-1-189'>\n\t\t\t\tPanier rond anse torsad\u00e9e tro\u00e8ne\n\t\t\t\t<\/dd><\/dl><dl class='gallery-item'>\n\t\t\t<dt class='gallery-icon portrait'>\n\t\t\t\t<a href='https:\/\/eclisseetbrindille.fr\/wp-content\/uploads\/2016\/06\/Mangeoire-et-Nichoir-0024.jpg'><img loading=\"lazy\" decoding=\"async\" width=\"225\" height=\"300\" src=\"https:\/\/eclisseetbrindille.fr\/wp-content\/uploads\/2016\/06\/Mangeoire-et-Nichoir-0024-225x300.jpg\" class=\"attachment-medium size-medium\" alt=\"\" aria-describedby=\"gallery-1-430\" srcset=\"https:\/\/eclisseetbrindille.fr\/wp-content\/uploads\/2016\/06\/Mangeoire-et-Nichoir-0024-225x300.jpg 225w, https:\/\/eclisseetbrindille.fr\/wp-content\/uploads\/2016\/06\/Mangeoire-et-Nichoir-0024-768x1024.jpg 768w\" sizes=\"auto, (max-width: 225px) 100vw, 225px\" \/><\/a>\n\t\t\t<\/dt>\n\t\t\t\t<dd class='wp-caption-text gallery-caption' id='gallery-1-430'>\n\t\t\t\tMangeoire\n\t\t\t\t<\/dd><\/dl><dl class='gallery-item'>\n\t\t\t<dt class='gallery-icon landscape'>\n\t\t\t\t<a href='https:\/\/eclisseetbrindille.fr\/wp-content\/uploads\/2016\/12\/Corbeille-feuille-1.jpg'><img loading=\"lazy\" decoding=\"async\" width=\"300\" height=\"117\" src=\"https:\/\/eclisseetbrindille.fr\/wp-content\/uploads\/2016\/12\/Corbeille-feuille-1-300x117.jpg\" class=\"attachment-medium size-medium\" alt=\"\" aria-describedby=\"gallery-1-653\" srcset=\"https:\/\/eclisseetbrindille.fr\/wp-content\/uploads\/2016\/12\/Corbeille-feuille-1-300x117.jpg 300w, https:\/\/eclisseetbrindille.fr\/wp-content\/uploads\/2016\/12\/Corbeille-feuille-1-768x298.jpg 768w, https:\/\/eclisseetbrindille.fr\/wp-content\/uploads\/2016\/12\/Corbeille-feuille-1-1024x398.jpg 1024w\" sizes=\"auto, (max-width: 300px) 100vw, 300px\" \/><\/a>\n\t\t\t<\/dt>\n\t\t\t\t<dd class='wp-caption-text gallery-caption' id='gallery-1-653'>\n\t\t\t\tCorbeille feuille\n\t\t\t\t<\/dd><\/dl><dl class='gallery-item'>\n\t\t\t<dt class='gallery-icon landscape'>\n\t\t\t\t<a href='https:\/\/eclisseetbrindille.fr\/wp-content\/uploads\/2015\/11\/Corbeille-viorne-bourdaine-noisetier-02.jpg'><img loading=\"lazy\" decoding=\"async\" width=\"300\" height=\"204\" src=\"https:\/\/eclisseetbrindille.fr\/wp-content\/uploads\/2015\/11\/Corbeille-viorne-bourdaine-noisetier-02-300x204.jpg\" class=\"attachment-medium size-medium\" alt=\"\" aria-describedby=\"gallery-1-404\" srcset=\"https:\/\/eclisseetbrindille.fr\/wp-content\/uploads\/2015\/11\/Corbeille-viorne-bourdaine-noisetier-02-300x204.jpg 300w, https:\/\/eclisseetbrindille.fr\/wp-content\/uploads\/2015\/11\/Corbeille-viorne-bourdaine-noisetier-02-768x523.jpg 768w, https:\/\/eclisseetbrindille.fr\/wp-content\/uploads\/2015\/11\/Corbeille-viorne-bourdaine-noisetier-02-1024x697.jpg 1024w\" sizes=\"auto, (max-width: 300px) 100vw, 300px\" \/><\/a>\n\t\t\t<\/dt>\n\t\t\t\t<dd class='wp-caption-text gallery-caption' id='gallery-1-404'>\n\t\t\t\tCorbeille viorne bourdaine noisetier\n\t\t\t\t<\/dd><\/dl><br style=\"clear: both\" \/><dl class='gallery-item'>\n\t\t\t<dt class='gallery-icon landscape'>\n\t\t\t\t<a href='https:\/\/eclisseetbrindille.fr\/wp-content\/uploads\/2017\/04\/Cabas-rustique-c.jpg'><img loading=\"lazy\" decoding=\"async\" width=\"300\" height=\"229\" src=\"https:\/\/eclisseetbrindille.fr\/wp-content\/uploads\/2017\/04\/Cabas-rustique-c-300x229.jpg\" class=\"attachment-medium size-medium\" alt=\"\" srcset=\"https:\/\/eclisseetbrindille.fr\/wp-content\/uploads\/2017\/04\/Cabas-rustique-c-300x229.jpg 300w, https:\/\/eclisseetbrindille.fr\/wp-content\/uploads\/2017\/04\/Cabas-rustique-c-768x587.jpg 768w, https:\/\/eclisseetbrindille.fr\/wp-content\/uploads\/2017\/04\/Cabas-rustique-c-1024x782.jpg 1024w\" sizes=\"auto, (max-width: 300px) 100vw, 300px\" \/><\/a>\n\t\t\t<\/dt><\/dl><dl class='gallery-item'>\n\t\t\t<dt class='gallery-icon landscape'>\n\t\t\t\t<a href='https:\/\/eclisseetbrindille.fr\/wp-content\/uploads\/2015\/11\/Corbeille-ovale-noisetier.jpg'><img loading=\"lazy\" decoding=\"async\" width=\"300\" height=\"208\" src=\"https:\/\/eclisseetbrindille.fr\/wp-content\/uploads\/2015\/11\/Corbeille-ovale-noisetier-300x208.jpg\" class=\"attachment-medium size-medium\" alt=\"\" aria-describedby=\"gallery-1-203\" srcset=\"https:\/\/eclisseetbrindille.fr\/wp-content\/uploads\/2015\/11\/Corbeille-ovale-noisetier-300x208.jpg 300w, https:\/\/eclisseetbrindille.fr\/wp-content\/uploads\/2015\/11\/Corbeille-ovale-noisetier-1024x711.jpg 1024w\" sizes=\"auto, (max-width: 300px) 100vw, 300px\" \/><\/a>\n\t\t\t<\/dt>\n\t\t\t\t<dd class='wp-caption-text gallery-caption' id='gallery-1-203'>\n\t\t\t\tCorbeille ovale noisetier\n\t\t\t\t<\/dd><\/dl><dl class='gallery-item'>\n\t\t\t<dt class='gallery-icon landscape'>\n\t\t\t\t<a href='https:\/\/eclisseetbrindille.fr\/wp-content\/uploads\/2016\/07\/Voiture-03a.jpg'><img loading=\"lazy\" decoding=\"async\" width=\"300\" height=\"251\" src=\"https:\/\/eclisseetbrindille.fr\/wp-content\/uploads\/2016\/07\/Voiture-03a-300x251.jpg\" class=\"attachment-medium size-medium\" alt=\"\" aria-describedby=\"gallery-1-578\" srcset=\"https:\/\/eclisseetbrindille.fr\/wp-content\/uploads\/2016\/07\/Voiture-03a-300x251.jpg 300w, https:\/\/eclisseetbrindille.fr\/wp-content\/uploads\/2016\/07\/Voiture-03a-768x643.jpg 768w, https:\/\/eclisseetbrindille.fr\/wp-content\/uploads\/2016\/07\/Voiture-03a-1024x858.jpg 1024w\" sizes=\"auto, (max-width: 300px) 100vw, 300px\" \/><\/a>\n\t\t\t<\/dt>\n\t\t\t\t<dd class='wp-caption-text gallery-caption' id='gallery-1-578'>\n\t\t\t\tVoiture r\u00e9tro \u00e9colo\n\t\t\t\t<\/dd><\/dl><dl class='gallery-item'>\n\t\t\t<dt class='gallery-icon portrait'>\n\t\t\t\t<a href='https:\/\/eclisseetbrindille.fr\/wp-content\/uploads\/2015\/11\/Panier-noisetier-anse-torsad\u00e9e.jpg'><img loading=\"lazy\" decoding=\"async\" width=\"292\" height=\"300\" src=\"https:\/\/eclisseetbrindille.fr\/wp-content\/uploads\/2015\/11\/Panier-noisetier-anse-torsad\u00e9e-292x300.jpg\" class=\"attachment-medium size-medium\" alt=\"\" aria-describedby=\"gallery-1-195\" srcset=\"https:\/\/eclisseetbrindille.fr\/wp-content\/uploads\/2015\/11\/Panier-noisetier-anse-torsad\u00e9e-292x300.jpg 292w, https:\/\/eclisseetbrindille.fr\/wp-content\/uploads\/2015\/11\/Panier-noisetier-anse-torsad\u00e9e-996x1024.jpg 996w\" sizes=\"auto, (max-width: 292px) 100vw, 292px\" \/><\/a>\n\t\t\t<\/dt>\n\t\t\t\t<dd class='wp-caption-text gallery-caption' id='gallery-1-195'>\n\t\t\t\tPanier noisetier anse torsad\u00e9e\n\t\t\t\t<\/dd><\/dl><br style=\"clear: both\" \/><dl class='gallery-item'>\n\t\t\t<dt class='gallery-icon landscape'>\n\t\t\t\t<a href='https:\/\/eclisseetbrindille.fr\/wp-content\/uploads\/2015\/11\/Corbeille-anse-lierre-double.jpg'><img loading=\"lazy\" decoding=\"async\" width=\"300\" height=\"259\" src=\"https:\/\/eclisseetbrindille.fr\/wp-content\/uploads\/2015\/11\/Corbeille-anse-lierre-double-300x259.jpg\" class=\"attachment-medium size-medium\" alt=\"\" aria-describedby=\"gallery-1-211\" srcset=\"https:\/\/eclisseetbrindille.fr\/wp-content\/uploads\/2015\/11\/Corbeille-anse-lierre-double-300x259.jpg 300w, https:\/\/eclisseetbrindille.fr\/wp-content\/uploads\/2015\/11\/Corbeille-anse-lierre-double-1024x885.jpg 1024w\" sizes=\"auto, (max-width: 300px) 100vw, 300px\" \/><\/a>\n\t\t\t<\/dt>\n\t\t\t\t<dd class='wp-caption-text gallery-caption' id='gallery-1-211'>\n\t\t\t\tCorbeille anse lierre double\n\t\t\t\t<\/dd><\/dl><dl class='gallery-item'>\n\t\t\t<dt class='gallery-icon portrait'>\n\t\t\t\t<a href='https:\/\/eclisseetbrindille.fr\/wp-content\/uploads\/2016\/07\/Lanterne-7c.jpg'><img loading=\"lazy\" decoding=\"async\" width=\"225\" height=\"300\" src=\"https:\/\/eclisseetbrindille.fr\/wp-content\/uploads\/2016\/07\/Lanterne-7c-225x300.jpg\" class=\"attachment-medium size-medium\" alt=\"\" aria-describedby=\"gallery-1-567\" srcset=\"https:\/\/eclisseetbrindille.fr\/wp-content\/uploads\/2016\/07\/Lanterne-7c-225x300.jpg 225w, https:\/\/eclisseetbrindille.fr\/wp-content\/uploads\/2016\/07\/Lanterne-7c-768x1024.jpg 768w\" sizes=\"auto, (max-width: 225px) 100vw, 225px\" \/><\/a>\n\t\t\t<\/dt>\n\t\t\t\t<dd class='wp-caption-text gallery-caption' id='gallery-1-567'>\n\t\t\t\tLanterne ou mangeoire\n\t\t\t\t<\/dd><\/dl><dl class='gallery-item'>\n\t\t\t<dt class='gallery-icon landscape'>\n\t\t\t\t<a href='https:\/\/eclisseetbrindille.fr\/wp-content\/uploads\/2015\/11\/Corbeille-poign\u00e9e-fr\u00e8ne-1.jpg'><img loading=\"lazy\" decoding=\"async\" width=\"300\" height=\"189\" src=\"https:\/\/eclisseetbrindille.fr\/wp-content\/uploads\/2015\/11\/Corbeille-poign\u00e9e-fr\u00e8ne-1-300x189.jpg\" class=\"attachment-medium size-medium\" alt=\"\" aria-describedby=\"gallery-1-188\" srcset=\"https:\/\/eclisseetbrindille.fr\/wp-content\/uploads\/2015\/11\/Corbeille-poign\u00e9e-fr\u00e8ne-1-300x189.jpg 300w, https:\/\/eclisseetbrindille.fr\/wp-content\/uploads\/2015\/11\/Corbeille-poign\u00e9e-fr\u00e8ne-1-1024x645.jpg 1024w\" sizes=\"auto, (max-width: 300px) 100vw, 300px\" \/><\/a>\n\t\t\t<\/dt>\n\t\t\t\t<dd class='wp-caption-text gallery-caption' id='gallery-1-188'>\n\t\t\t\tPetite corbeille poign\u00e9e fr\u00eane\n\t\t\t\t<\/dd><\/dl><dl class='gallery-item'>\n\t\t\t<dt class='gallery-icon portrait'>\n\t\t\t\t<a href='https:\/\/eclisseetbrindille.fr\/wp-content\/uploads\/2016\/06\/Animal-03.jpg'><img loading=\"lazy\" decoding=\"async\" width=\"225\" height=\"300\" src=\"https:\/\/eclisseetbrindille.fr\/wp-content\/uploads\/2016\/06\/Animal-03-225x300.jpg\" class=\"attachment-medium size-medium\" alt=\"\" aria-describedby=\"gallery-1-525\" srcset=\"https:\/\/eclisseetbrindille.fr\/wp-content\/uploads\/2016\/06\/Animal-03-225x300.jpg 225w, https:\/\/eclisseetbrindille.fr\/wp-content\/uploads\/2016\/06\/Animal-03-768x1024.jpg 768w\" sizes=\"auto, (max-width: 225px) 100vw, 225px\" \/><\/a>\n\t\t\t<\/dt>\n\t\t\t\t<dd class='wp-caption-text gallery-caption' id='gallery-1-525'>\n\t\t\t\tAnimal fantastique\n\t\t\t\t<\/dd><\/dl><br style=\"clear: both\" \/><dl class='gallery-item'>\n\t\t\t<dt class='gallery-icon portrait'>\n\t\t\t\t<a href='https:\/\/eclisseetbrindille.fr\/wp-content\/uploads\/2015\/11\/Petite-mangeoire-oiseaux-.jpg'><img loading=\"lazy\" decoding=\"async\" width=\"129\" height=\"300\" src=\"https:\/\/eclisseetbrindille.fr\/wp-content\/uploads\/2015\/11\/Petite-mangeoire-oiseaux--129x300.jpg\" class=\"attachment-medium size-medium\" alt=\"\" aria-describedby=\"gallery-1-200\" srcset=\"https:\/\/eclisseetbrindille.fr\/wp-content\/uploads\/2015\/11\/Petite-mangeoire-oiseaux--129x300.jpg 129w, https:\/\/eclisseetbrindille.fr\/wp-content\/uploads\/2015\/11\/Petite-mangeoire-oiseaux--439x1024.jpg 439w, https:\/\/eclisseetbrindille.fr\/wp-content\/uploads\/2015\/11\/Petite-mangeoire-oiseaux-.jpg 1925w\" sizes=\"auto, (max-width: 129px) 100vw, 129px\" \/><\/a>\n\t\t\t<\/dt>\n\t\t\t\t<dd class='wp-caption-text gallery-caption' id='gallery-1-200'>\n\t\t\t\tPetite mangeoire oiseaux\n\t\t\t\t<\/dd><\/dl><dl class='gallery-item'>\n\t\t\t<dt class='gallery-icon landscape'>\n\t\t\t\t<a href='https:\/\/eclisseetbrindille.fr\/wp-content\/uploads\/2015\/11\/Grande-corbeille-ronde-noisetier-viorne.jpg'><img loading=\"lazy\" decoding=\"async\" width=\"300\" height=\"215\" src=\"https:\/\/eclisseetbrindille.fr\/wp-content\/uploads\/2015\/11\/Grande-corbeille-ronde-noisetier-viorne-300x215.jpg\" class=\"attachment-medium size-medium\" alt=\"\" aria-describedby=\"gallery-1-204\" srcset=\"https:\/\/eclisseetbrindille.fr\/wp-content\/uploads\/2015\/11\/Grande-corbeille-ronde-noisetier-viorne-300x215.jpg 300w, https:\/\/eclisseetbrindille.fr\/wp-content\/uploads\/2015\/11\/Grande-corbeille-ronde-noisetier-viorne-1024x732.jpg 1024w\" sizes=\"auto, (max-width: 300px) 100vw, 300px\" \/><\/a>\n\t\t\t<\/dt>\n\t\t\t\t<dd class='wp-caption-text gallery-caption' id='gallery-1-204'>\n\t\t\t\tGrande corbeille ronde noisetier viorne\n\t\t\t\t<\/dd><\/dl><dl class='gallery-item'>\n\t\t\t<dt class='gallery-icon landscape'>\n\t\t\t\t<a href='https:\/\/eclisseetbrindille.fr\/wp-content\/uploads\/2016\/06\/Corbeille-18.jpg'><img loading=\"lazy\" decoding=\"async\" width=\"300\" height=\"225\" src=\"https:\/\/eclisseetbrindille.fr\/wp-content\/uploads\/2016\/06\/Corbeille-18-300x225.jpg\" class=\"attachment-medium size-medium\" alt=\"\" aria-describedby=\"gallery-1-500\" srcset=\"https:\/\/eclisseetbrindille.fr\/wp-content\/uploads\/2016\/06\/Corbeille-18-300x225.jpg 300w, https:\/\/eclisseetbrindille.fr\/wp-content\/uploads\/2016\/06\/Corbeille-18-768x576.jpg 768w, https:\/\/eclisseetbrindille.fr\/wp-content\/uploads\/2016\/06\/Corbeille-18-1024x768.jpg 1024w\" sizes=\"auto, (max-width: 300px) 100vw, 300px\" \/><\/a>\n\t\t\t<\/dt>\n\t\t\t\t<dd class='wp-caption-text gallery-caption' id='gallery-1-500'>\n\t\t\t\tCorbeille design\n\t\t\t\t<\/dd><\/dl><dl class='gallery-item'>\n\t\t\t<dt class='gallery-icon landscape'>\n\t\t\t\t<a href='https:\/\/eclisseetbrindille.fr\/wp-content\/uploads\/2015\/11\/Grande-corbeille-viorne-noisetier-anse-lierre.jpg'><img loading=\"lazy\" decoding=\"async\" width=\"300\" height=\"224\" src=\"https:\/\/eclisseetbrindille.fr\/wp-content\/uploads\/2015\/11\/Grande-corbeille-viorne-noisetier-anse-lierre-300x224.jpg\" class=\"attachment-medium size-medium\" alt=\"\" aria-describedby=\"gallery-1-205\" srcset=\"https:\/\/eclisseetbrindille.fr\/wp-content\/uploads\/2015\/11\/Grande-corbeille-viorne-noisetier-anse-lierre-300x224.jpg 300w, https:\/\/eclisseetbrindille.fr\/wp-content\/uploads\/2015\/11\/Grande-corbeille-viorne-noisetier-anse-lierre-1024x765.jpg 1024w\" sizes=\"auto, (max-width: 300px) 100vw, 300px\" \/><\/a>\n\t\t\t<\/dt>\n\t\t\t\t<dd class='wp-caption-text gallery-caption' id='gallery-1-205'>\n\t\t\t\tGrande corbeille viorne noisetier anse lierre\n\t\t\t\t<\/dd><\/dl><br style=\"clear: both\" \/><dl class='gallery-item'>\n\t\t\t<dt class='gallery-icon landscape'>\n\t\t\t\t<a href='https:\/\/eclisseetbrindille.fr\/wp-content\/uploads\/2016\/09\/Mangeoire-lanterne-.jpg'><img loading=\"lazy\" decoding=\"async\" width=\"300\" height=\"258\" src=\"https:\/\/eclisseetbrindille.fr\/wp-content\/uploads\/2016\/09\/Mangeoire-lanterne--300x258.jpg\" class=\"attachment-medium size-medium\" alt=\"\" aria-describedby=\"gallery-1-617\" srcset=\"https:\/\/eclisseetbrindille.fr\/wp-content\/uploads\/2016\/09\/Mangeoire-lanterne--300x258.jpg 300w, https:\/\/eclisseetbrindille.fr\/wp-content\/uploads\/2016\/09\/Mangeoire-lanterne--768x660.jpg 768w, https:\/\/eclisseetbrindille.fr\/wp-content\/uploads\/2016\/09\/Mangeoire-lanterne--1024x880.jpg 1024w\" sizes=\"auto, (max-width: 300px) 100vw, 300px\" \/><\/a>\n\t\t\t<\/dt>\n\t\t\t\t<dd class='wp-caption-text gallery-caption' id='gallery-1-617'>\n\t\t\t\tLanterne\n\t\t\t\t<\/dd><\/dl><dl class='gallery-item'>\n\t\t\t<dt class='gallery-icon portrait'>\n\t\t\t\t<a href='https:\/\/eclisseetbrindille.fr\/wp-content\/uploads\/2015\/11\/Panier-noisetier-viorne-anse-torsad\u00e9e.jpg'><img loading=\"lazy\" decoding=\"async\" width=\"293\" height=\"300\" src=\"https:\/\/eclisseetbrindille.fr\/wp-content\/uploads\/2015\/11\/Panier-noisetier-viorne-anse-torsad\u00e9e-293x300.jpg\" class=\"attachment-medium size-medium\" alt=\"\" aria-describedby=\"gallery-1-206\" srcset=\"https:\/\/eclisseetbrindille.fr\/wp-content\/uploads\/2015\/11\/Panier-noisetier-viorne-anse-torsad\u00e9e-293x300.jpg 293w, https:\/\/eclisseetbrindille.fr\/wp-content\/uploads\/2015\/11\/Panier-noisetier-viorne-anse-torsad\u00e9e-1000x1024.jpg 1000w\" sizes=\"auto, (max-width: 293px) 100vw, 293px\" \/><\/a>\n\t\t\t<\/dt>\n\t\t\t\t<dd class='wp-caption-text gallery-caption' id='gallery-1-206'>\n\t\t\t\tPanier noisetier viorne anse torsad\u00e9e\n\t\t\t\t<\/dd><\/dl><dl class='gallery-item'>\n\t\t\t<dt class='gallery-icon portrait'>\n\t\t\t\t<a href='https:\/\/eclisseetbrindille.fr\/wp-content\/uploads\/2015\/11\/Petite-mangeoire-\u00e0-suspendre.jpg'><img loading=\"lazy\" decoding=\"async\" width=\"128\" height=\"300\" src=\"https:\/\/eclisseetbrindille.fr\/wp-content\/uploads\/2015\/11\/Petite-mangeoire-\u00e0-suspendre-128x300.jpg\" class=\"attachment-medium size-medium\" alt=\"\" aria-describedby=\"gallery-1-208\" srcset=\"https:\/\/eclisseetbrindille.fr\/wp-content\/uploads\/2015\/11\/Petite-mangeoire-\u00e0-suspendre-128x300.jpg 128w, https:\/\/eclisseetbrindille.fr\/wp-content\/uploads\/2015\/11\/Petite-mangeoire-\u00e0-suspendre-437x1024.jpg 437w, https:\/\/eclisseetbrindille.fr\/wp-content\/uploads\/2015\/11\/Petite-mangeoire-\u00e0-suspendre.jpg 1391w\" sizes=\"auto, (max-width: 128px) 100vw, 128px\" \/><\/a>\n\t\t\t<\/dt>\n\t\t\t\t<dd class='wp-caption-text gallery-caption' id='gallery-1-208'>\n\t\t\t\tPetite mangeoire \u00e0 suspendre\n\t\t\t\t<\/dd><\/dl><dl class='gallery-item'>\n\t\t\t<dt class='gallery-icon landscape'>\n\t\t\t\t<a href='https:\/\/eclisseetbrindille.fr\/wp-content\/uploads\/2015\/11\/Petit-panier-anse-noisetier.jpg'><img loading=\"lazy\" decoding=\"async\" width=\"300\" height=\"295\" src=\"https:\/\/eclisseetbrindille.fr\/wp-content\/uploads\/2015\/11\/Petit-panier-anse-noisetier-300x295.jpg\" class=\"attachment-medium size-medium\" alt=\"\" aria-describedby=\"gallery-1-207\" srcset=\"https:\/\/eclisseetbrindille.fr\/wp-content\/uploads\/2015\/11\/Petit-panier-anse-noisetier-300x295.jpg 300w, https:\/\/eclisseetbrindille.fr\/wp-content\/uploads\/2015\/11\/Petit-panier-anse-noisetier-1024x1007.jpg 1024w\" sizes=\"auto, (max-width: 300px) 100vw, 300px\" \/><\/a>\n\t\t\t<\/dt>\n\t\t\t\t<dd class='wp-caption-text gallery-caption' id='gallery-1-207'>\n\t\t\t\tPetit panier anse noisetier\n\t\t\t\t<\/dd><\/dl><br style=\"clear: both\" \/><dl class='gallery-item'>\n\t\t\t<dt class='gallery-icon landscape'>\n\t\t\t\t<a href='https:\/\/eclisseetbrindille.fr\/wp-content\/uploads\/2015\/11\/Corne-dabondance-rustique.jpg'><img loading=\"lazy\" decoding=\"async\" width=\"300\" height=\"174\" src=\"https:\/\/eclisseetbrindille.fr\/wp-content\/uploads\/2015\/11\/Corne-dabondance-rustique-300x174.jpg\" class=\"attachment-medium size-medium\" alt=\"Vannerie Viorne\" aria-describedby=\"gallery-1-224\" srcset=\"https:\/\/eclisseetbrindille.fr\/wp-content\/uploads\/2015\/11\/Corne-dabondance-rustique-300x174.jpg 300w, https:\/\/eclisseetbrindille.fr\/wp-content\/uploads\/2015\/11\/Corne-dabondance-rustique-1024x594.jpg 1024w\" sizes=\"auto, (max-width: 300px) 100vw, 300px\" \/><\/a>\n\t\t\t<\/dt>\n\t\t\t\t<dd class='wp-caption-text gallery-caption' id='gallery-1-224'>\n\t\t\t\tCorne d&rsquo;abondance rustique\n\t\t\t\t<\/dd><\/dl><dl class='gallery-item'>\n\t\t\t<dt class='gallery-icon portrait'>\n\t\t\t\t<a href='https:\/\/eclisseetbrindille.fr\/wp-content\/uploads\/2015\/11\/Poup\u00e9e-viorne.jpg'><img loading=\"lazy\" decoding=\"async\" width=\"228\" height=\"300\" src=\"https:\/\/eclisseetbrindille.fr\/wp-content\/uploads\/2015\/11\/Poup\u00e9e-viorne-228x300.jpg\" class=\"attachment-medium size-medium\" alt=\"\" aria-describedby=\"gallery-1-209\" srcset=\"https:\/\/eclisseetbrindille.fr\/wp-content\/uploads\/2015\/11\/Poup\u00e9e-viorne-228x300.jpg 228w, https:\/\/eclisseetbrindille.fr\/wp-content\/uploads\/2015\/11\/Poup\u00e9e-viorne-778x1024.jpg 778w\" sizes=\"auto, (max-width: 228px) 100vw, 228px\" \/><\/a>\n\t\t\t<\/dt>\n\t\t\t\t<dd class='wp-caption-text gallery-caption' id='gallery-1-209'>\n\t\t\t\tPoup\u00e9e viorne porte bijoux\n\t\t\t\t<\/dd><\/dl><dl class='gallery-item'>\n\t\t\t<dt class='gallery-icon portrait'>\n\t\t\t\t<a href='https:\/\/eclisseetbrindille.fr\/wp-content\/uploads\/2015\/11\/Nichoir-vannerie-rustique.jpg'><img loading=\"lazy\" decoding=\"async\" width=\"123\" height=\"300\" src=\"https:\/\/eclisseetbrindille.fr\/wp-content\/uploads\/2015\/11\/Nichoir-vannerie-rustique-123x300.jpg\" class=\"attachment-medium size-medium\" alt=\"\" aria-describedby=\"gallery-1-229\" srcset=\"https:\/\/eclisseetbrindille.fr\/wp-content\/uploads\/2015\/11\/Nichoir-vannerie-rustique-123x300.jpg 123w, https:\/\/eclisseetbrindille.fr\/wp-content\/uploads\/2015\/11\/Nichoir-vannerie-rustique-421x1024.jpg 421w, https:\/\/eclisseetbrindille.fr\/wp-content\/uploads\/2015\/11\/Nichoir-vannerie-rustique.jpg 1253w\" sizes=\"auto, (max-width: 123px) 100vw, 123px\" \/><\/a>\n\t\t\t<\/dt>\n\t\t\t\t<dd class='wp-caption-text gallery-caption' id='gallery-1-229'>\n\t\t\t\tNichoir vannerie rustique\n\t\t\t\t<\/dd><\/dl><dl class='gallery-item'>\n\t\t\t<dt class='gallery-icon landscape'>\n\t\t\t\t<a href='https:\/\/eclisseetbrindille.fr\/wp-content\/uploads\/2015\/11\/Panier-anse-torsad\u00e9e.jpg'><img loading=\"lazy\" decoding=\"async\" width=\"300\" height=\"300\" src=\"https:\/\/eclisseetbrindille.fr\/wp-content\/uploads\/2015\/11\/Panier-anse-torsad\u00e9e-300x300.jpg\" class=\"attachment-medium size-medium\" alt=\"\" aria-describedby=\"gallery-1-230\" srcset=\"https:\/\/eclisseetbrindille.fr\/wp-content\/uploads\/2015\/11\/Panier-anse-torsad\u00e9e-300x300.jpg 300w, https:\/\/eclisseetbrindille.fr\/wp-content\/uploads\/2015\/11\/Panier-anse-torsad\u00e9e-150x150.jpg 150w, https:\/\/eclisseetbrindille.fr\/wp-content\/uploads\/2015\/11\/Panier-anse-torsad\u00e9e-1024x1024.jpg 1024w\" sizes=\"auto, (max-width: 300px) 100vw, 300px\" \/><\/a>\n\t\t\t<\/dt>\n\t\t\t\t<dd class='wp-caption-text gallery-caption' id='gallery-1-230'>\n\t\t\t\tPanier anse torsad\u00e9e\n\t\t\t\t<\/dd><\/dl><br style=\"clear: both\" \/><dl class='gallery-item'>\n\t\t\t<dt class='gallery-icon landscape'>\n\t\t\t\t<a href='https:\/\/eclisseetbrindille.fr\/wp-content\/uploads\/2015\/11\/Petit-demi-panier-rustique.jpg'><img loading=\"lazy\" decoding=\"async\" width=\"300\" height=\"282\" src=\"https:\/\/eclisseetbrindille.fr\/wp-content\/uploads\/2015\/11\/Petit-demi-panier-rustique-300x282.jpg\" class=\"attachment-medium size-medium\" alt=\"\" aria-describedby=\"gallery-1-231\" srcset=\"https:\/\/eclisseetbrindille.fr\/wp-content\/uploads\/2015\/11\/Petit-demi-panier-rustique-300x282.jpg 300w, https:\/\/eclisseetbrindille.fr\/wp-content\/uploads\/2015\/11\/Petit-demi-panier-rustique-1024x962.jpg 1024w\" sizes=\"auto, (max-width: 300px) 100vw, 300px\" \/><\/a>\n\t\t\t<\/dt>\n\t\t\t\t<dd class='wp-caption-text gallery-caption' id='gallery-1-231'>\n\t\t\t\tPetit demi panier rustique\n\t\t\t\t<\/dd><\/dl><dl class='gallery-item'>\n\t\t\t<dt class='gallery-icon portrait'>\n\t\t\t\t<a href='https:\/\/eclisseetbrindille.fr\/wp-content\/uploads\/2016\/06\/Lanterne-1.jpg'><img loading=\"lazy\" decoding=\"async\" width=\"197\" height=\"300\" src=\"https:\/\/eclisseetbrindille.fr\/wp-content\/uploads\/2016\/06\/Lanterne-1-197x300.jpg\" class=\"attachment-medium size-medium\" alt=\"\" aria-describedby=\"gallery-1-532\" srcset=\"https:\/\/eclisseetbrindille.fr\/wp-content\/uploads\/2016\/06\/Lanterne-1-197x300.jpg 197w, https:\/\/eclisseetbrindille.fr\/wp-content\/uploads\/2016\/06\/Lanterne-1-768x1171.jpg 768w, https:\/\/eclisseetbrindille.fr\/wp-content\/uploads\/2016\/06\/Lanterne-1-672x1024.jpg 672w\" sizes=\"auto, (max-width: 197px) 100vw, 197px\" \/><\/a>\n\t\t\t<\/dt>\n\t\t\t\t<dd class='wp-caption-text gallery-caption' id='gallery-1-532'>\n\t\t\t\tLanterne ou mangeoire\n\t\t\t\t<\/dd><\/dl><dl class='gallery-item'>\n\t\t\t<dt class='gallery-icon portrait'>\n\t\t\t\t<a href='https:\/\/eclisseetbrindille.fr\/wp-content\/uploads\/2015\/11\/Petit-panier-rustique-bourdaine-noisetier.jpg'><img loading=\"lazy\" decoding=\"async\" width=\"282\" height=\"300\" src=\"https:\/\/eclisseetbrindille.fr\/wp-content\/uploads\/2015\/11\/Petit-panier-rustique-bourdaine-noisetier-282x300.jpg\" class=\"attachment-medium size-medium\" alt=\"\" aria-describedby=\"gallery-1-232\" srcset=\"https:\/\/eclisseetbrindille.fr\/wp-content\/uploads\/2015\/11\/Petit-panier-rustique-bourdaine-noisetier-282x300.jpg 282w, https:\/\/eclisseetbrindille.fr\/wp-content\/uploads\/2015\/11\/Petit-panier-rustique-bourdaine-noisetier-963x1024.jpg 963w\" sizes=\"auto, (max-width: 282px) 100vw, 282px\" \/><\/a>\n\t\t\t<\/dt>\n\t\t\t\t<dd class='wp-caption-text gallery-caption' id='gallery-1-232'>\n\t\t\t\tPetit panier rustique bourdaine noisetier\n\t\t\t\t<\/dd><\/dl><dl class='gallery-item'>\n\t\t\t<dt class='gallery-icon landscape'>\n\t\t\t\t<a href='https:\/\/eclisseetbrindille.fr\/wp-content\/uploads\/2015\/11\/Petits-paniers-champ\u00eatres.jpg'><img loading=\"lazy\" decoding=\"async\" width=\"300\" height=\"218\" src=\"https:\/\/eclisseetbrindille.fr\/wp-content\/uploads\/2015\/11\/Petits-paniers-champ\u00eatres-300x218.jpg\" class=\"attachment-medium size-medium\" alt=\"\" aria-describedby=\"gallery-1-233\" srcset=\"https:\/\/eclisseetbrindille.fr\/wp-content\/uploads\/2015\/11\/Petits-paniers-champ\u00eatres-300x218.jpg 300w, https:\/\/eclisseetbrindille.fr\/wp-content\/uploads\/2015\/11\/Petits-paniers-champ\u00eatres-1024x743.jpg 1024w\" sizes=\"auto, (max-width: 300px) 100vw, 300px\" \/><\/a>\n\t\t\t<\/dt>\n\t\t\t\t<dd class='wp-caption-text gallery-caption' id='gallery-1-233'>\n\t\t\t\tPetits paniers champ\u00eatres\n\t\t\t\t<\/dd><\/dl><br style=\"clear: both\" \/><dl class='gallery-item'>\n\t\t\t<dt class='gallery-icon portrait'>\n\t\t\t\t<a href='https:\/\/eclisseetbrindille.fr\/wp-content\/uploads\/2015\/11\/Suspension-bouquet-sec.jpg'><img loading=\"lazy\" decoding=\"async\" width=\"145\" height=\"300\" src=\"https:\/\/eclisseetbrindille.fr\/wp-content\/uploads\/2015\/11\/Suspension-bouquet-sec-145x300.jpg\" class=\"attachment-medium size-medium\" alt=\"\" aria-describedby=\"gallery-1-234\" srcset=\"https:\/\/eclisseetbrindille.fr\/wp-content\/uploads\/2015\/11\/Suspension-bouquet-sec-145x300.jpg 145w, https:\/\/eclisseetbrindille.fr\/wp-content\/uploads\/2015\/11\/Suspension-bouquet-sec-495x1024.jpg 495w\" sizes=\"auto, (max-width: 145px) 100vw, 145px\" \/><\/a>\n\t\t\t<\/dt>\n\t\t\t\t<dd class='wp-caption-text gallery-caption' id='gallery-1-234'>\n\t\t\t\tSuspension bouquet sec\n\t\t\t\t<\/dd><\/dl><dl class='gallery-item'>\n\t\t\t<dt class='gallery-icon landscape'>\n\t\t\t\t<a href='https:\/\/eclisseetbrindille.fr\/wp-content\/uploads\/2015\/11\/Corbeille-ovale-1a.jpg'><img loading=\"lazy\" decoding=\"async\" width=\"300\" height=\"170\" src=\"https:\/\/eclisseetbrindille.fr\/wp-content\/uploads\/2015\/11\/Corbeille-ovale-1a-300x170.jpg\" class=\"attachment-medium size-medium\" alt=\"\" aria-describedby=\"gallery-1-530\" srcset=\"https:\/\/eclisseetbrindille.fr\/wp-content\/uploads\/2015\/11\/Corbeille-ovale-1a-300x170.jpg 300w, https:\/\/eclisseetbrindille.fr\/wp-content\/uploads\/2015\/11\/Corbeille-ovale-1a-768x435.jpg 768w, https:\/\/eclisseetbrindille.fr\/wp-content\/uploads\/2015\/11\/Corbeille-ovale-1a-1024x581.jpg 1024w\" sizes=\"auto, (max-width: 300px) 100vw, 300px\" \/><\/a>\n\t\t\t<\/dt>\n\t\t\t\t<dd class='wp-caption-text gallery-caption' id='gallery-1-530'>\n\t\t\t\tCorbeille ovale\n\t\t\t\t<\/dd><\/dl><dl class='gallery-item'>\n\t\t\t<dt class='gallery-icon portrait'>\n\t\t\t\t<a href='https:\/\/eclisseetbrindille.fr\/wp-content\/uploads\/2016\/07\/Lanterne-10b.jpg'><img loading=\"lazy\" decoding=\"async\" width=\"194\" height=\"300\" src=\"https:\/\/eclisseetbrindille.fr\/wp-content\/uploads\/2016\/07\/Lanterne-10b-194x300.jpg\" class=\"attachment-medium size-medium\" alt=\"\" aria-describedby=\"gallery-1-570\" srcset=\"https:\/\/eclisseetbrindille.fr\/wp-content\/uploads\/2016\/07\/Lanterne-10b-194x300.jpg 194w, https:\/\/eclisseetbrindille.fr\/wp-content\/uploads\/2016\/07\/Lanterne-10b-768x1187.jpg 768w, https:\/\/eclisseetbrindille.fr\/wp-content\/uploads\/2016\/07\/Lanterne-10b-663x1024.jpg 663w\" sizes=\"auto, (max-width: 194px) 100vw, 194px\" \/><\/a>\n\t\t\t<\/dt>\n\t\t\t\t<dd class='wp-caption-text gallery-caption' id='gallery-1-570'>\n\t\t\t\tLanterne ou mangeoire\n\t\t\t\t<\/dd><\/dl><dl class='gallery-item'>\n\t\t\t<dt class='gallery-icon portrait'>\n\t\t\t\t<a href='https:\/\/eclisseetbrindille.fr\/wp-content\/uploads\/2015\/11\/Suspension-macram\u00e9-perles-bois.jpg'><img loading=\"lazy\" decoding=\"async\" width=\"124\" height=\"300\" src=\"https:\/\/eclisseetbrindille.fr\/wp-content\/uploads\/2015\/11\/Suspension-macram\u00e9-perles-bois-124x300.jpg\" class=\"attachment-medium size-medium\" alt=\"\" aria-describedby=\"gallery-1-235\" srcset=\"https:\/\/eclisseetbrindille.fr\/wp-content\/uploads\/2015\/11\/Suspension-macram\u00e9-perles-bois-124x300.jpg 124w, https:\/\/eclisseetbrindille.fr\/wp-content\/uploads\/2015\/11\/Suspension-macram\u00e9-perles-bois-424x1024.jpg 424w, https:\/\/eclisseetbrindille.fr\/wp-content\/uploads\/2015\/11\/Suspension-macram\u00e9-perles-bois.jpg 1854w\" sizes=\"auto, (max-width: 124px) 100vw, 124px\" \/><\/a>\n\t\t\t<\/dt>\n\t\t\t\t<dd class='wp-caption-text gallery-caption' id='gallery-1-235'>\n\t\t\t\tSuspension macram\u00e9 perles bois\n\t\t\t\t<\/dd><\/dl><br style=\"clear: both\" \/><dl class='gallery-item'>\n\t\t\t<dt class='gallery-icon portrait'>\n\t\t\t\t<a href='https:\/\/eclisseetbrindille.fr\/wp-content\/uploads\/2015\/11\/Suspension-macram\u00e9-vannerie.jpg'><img loading=\"lazy\" decoding=\"async\" width=\"137\" height=\"300\" src=\"https:\/\/eclisseetbrindille.fr\/wp-content\/uploads\/2015\/11\/Suspension-macram\u00e9-vannerie-137x300.jpg\" class=\"attachment-medium size-medium\" alt=\"\" aria-describedby=\"gallery-1-236\" srcset=\"https:\/\/eclisseetbrindille.fr\/wp-content\/uploads\/2015\/11\/Suspension-macram\u00e9-vannerie-137x300.jpg 137w, https:\/\/eclisseetbrindille.fr\/wp-content\/uploads\/2015\/11\/Suspension-macram\u00e9-vannerie-469x1024.jpg 469w\" sizes=\"auto, (max-width: 137px) 100vw, 137px\" \/><\/a>\n\t\t\t<\/dt>\n\t\t\t\t<dd class='wp-caption-text gallery-caption' id='gallery-1-236'>\n\t\t\t\tSuspension macram\u00e9 vannerie\n\t\t\t\t<\/dd><\/dl><dl class='gallery-item'>\n\t\t\t<dt class='gallery-icon portrait'>\n\t\t\t\t<a href='https:\/\/eclisseetbrindille.fr\/wp-content\/uploads\/2015\/11\/Suspension-pour-bouquet-leurs-s\u00e9ch\u00e9es.jpg'><img loading=\"lazy\" decoding=\"async\" width=\"138\" height=\"300\" src=\"https:\/\/eclisseetbrindille.fr\/wp-content\/uploads\/2015\/11\/Suspension-pour-bouquet-leurs-s\u00e9ch\u00e9es-138x300.jpg\" class=\"attachment-medium size-medium\" alt=\"\" aria-describedby=\"gallery-1-237\" srcset=\"https:\/\/eclisseetbrindille.fr\/wp-content\/uploads\/2015\/11\/Suspension-pour-bouquet-leurs-s\u00e9ch\u00e9es-138x300.jpg 138w, https:\/\/eclisseetbrindille.fr\/wp-content\/uploads\/2015\/11\/Suspension-pour-bouquet-leurs-s\u00e9ch\u00e9es-469x1024.jpg 469w\" sizes=\"auto, (max-width: 138px) 100vw, 138px\" \/><\/a>\n\t\t\t<\/dt>\n\t\t\t\t<dd class='wp-caption-text gallery-caption' id='gallery-1-237'>\n\t\t\t\tSuspension pour bouquet fleurs s\u00e9ch\u00e9es\n\t\t\t\t<\/dd><\/dl><dl class='gallery-item'>\n\t\t\t<dt class='gallery-icon portrait'>\n\t\t\t\t<a href='https:\/\/eclisseetbrindille.fr\/wp-content\/uploads\/2015\/11\/Vannerie-pour-fleurs-s\u00e9ches.jpg'><img loading=\"lazy\" decoding=\"async\" width=\"134\" height=\"300\" src=\"https:\/\/eclisseetbrindille.fr\/wp-content\/uploads\/2015\/11\/Vannerie-pour-fleurs-s\u00e9ches-134x300.jpg\" class=\"attachment-medium size-medium\" alt=\"\" aria-describedby=\"gallery-1-238\" srcset=\"https:\/\/eclisseetbrindille.fr\/wp-content\/uploads\/2015\/11\/Vannerie-pour-fleurs-s\u00e9ches-134x300.jpg 134w, https:\/\/eclisseetbrindille.fr\/wp-content\/uploads\/2015\/11\/Vannerie-pour-fleurs-s\u00e9ches-457x1024.jpg 457w, https:\/\/eclisseetbrindille.fr\/wp-content\/uploads\/2015\/11\/Vannerie-pour-fleurs-s\u00e9ches.jpg 2038w\" sizes=\"auto, (max-width: 134px) 100vw, 134px\" \/><\/a>\n\t\t\t<\/dt>\n\t\t\t\t<dd class='wp-caption-text gallery-caption' id='gallery-1-238'>\n\t\t\t\tVannerie pour fleurs s\u00e8ches\n\t\t\t\t<\/dd><\/dl><dl class='gallery-item'>\n\t\t\t<dt class='gallery-icon portrait'>\n\t\t\t\t<a href='https:\/\/eclisseetbrindille.fr\/wp-content\/uploads\/2015\/11\/Demi-panier-vannerie-sauvage.jpg'><img loading=\"lazy\" decoding=\"async\" width=\"262\" height=\"300\" src=\"https:\/\/eclisseetbrindille.fr\/wp-content\/uploads\/2015\/11\/Demi-panier-vannerie-sauvage-262x300.jpg\" class=\"attachment-medium size-medium\" alt=\"\" aria-describedby=\"gallery-1-239\" srcset=\"https:\/\/eclisseetbrindille.fr\/wp-content\/uploads\/2015\/11\/Demi-panier-vannerie-sauvage-262x300.jpg 262w, https:\/\/eclisseetbrindille.fr\/wp-content\/uploads\/2015\/11\/Demi-panier-vannerie-sauvage-894x1024.jpg 894w\" sizes=\"auto, (max-width: 262px) 100vw, 262px\" \/><\/a>\n\t\t\t<\/dt>\n\t\t\t\t<dd class='wp-caption-text gallery-caption' id='gallery-1-239'>\n\t\t\t\tDemi panier vannerie sauvage\n\t\t\t\t<\/dd><\/dl><br style=\"clear: both\" \/><dl class='gallery-item'>\n\t\t\t<dt class='gallery-icon landscape'>\n\t\t\t\t<a href='https:\/\/eclisseetbrindille.fr\/wp-content\/uploads\/2015\/12\/Panier-rond-vannerie-coudrier-viorne.jpg'><img loading=\"lazy\" decoding=\"async\" width=\"300\" height=\"245\" src=\"https:\/\/eclisseetbrindille.fr\/wp-content\/uploads\/2015\/12\/Panier-rond-vannerie-coudrier-viorne-300x245.jpg\" class=\"attachment-medium size-medium\" alt=\"\" aria-describedby=\"gallery-1-248\" srcset=\"https:\/\/eclisseetbrindille.fr\/wp-content\/uploads\/2015\/12\/Panier-rond-vannerie-coudrier-viorne-300x245.jpg 300w, https:\/\/eclisseetbrindille.fr\/wp-content\/uploads\/2015\/12\/Panier-rond-vannerie-coudrier-viorne-1024x835.jpg 1024w\" sizes=\"auto, (max-width: 300px) 100vw, 300px\" \/><\/a>\n\t\t\t<\/dt>\n\t\t\t\t<dd class='wp-caption-text gallery-caption' id='gallery-1-248'>\n\t\t\t\tPanier rond vannerie coudrier viorne\n\t\t\t\t<\/dd><\/dl><dl class='gallery-item'>\n\t\t\t<dt class='gallery-icon landscape'>\n\t\t\t\t<a href='https:\/\/eclisseetbrindille.fr\/wp-content\/uploads\/2015\/12\/Etoile-de-Noel.jpg'><img loading=\"lazy\" decoding=\"async\" width=\"300\" height=\"274\" src=\"https:\/\/eclisseetbrindille.fr\/wp-content\/uploads\/2015\/12\/Etoile-de-Noel-300x274.jpg\" class=\"attachment-medium size-medium\" alt=\"\" aria-describedby=\"gallery-1-247\" srcset=\"https:\/\/eclisseetbrindille.fr\/wp-content\/uploads\/2015\/12\/Etoile-de-Noel-300x274.jpg 300w, https:\/\/eclisseetbrindille.fr\/wp-content\/uploads\/2015\/12\/Etoile-de-Noel-1024x934.jpg 1024w\" sizes=\"auto, (max-width: 300px) 100vw, 300px\" \/><\/a>\n\t\t\t<\/dt>\n\t\t\t\t<dd class='wp-caption-text gallery-caption' id='gallery-1-247'>\n\t\t\t\t\u00c9toile de Noel\n\t\t\t\t<\/dd><\/dl><dl class='gallery-item'>\n\t\t\t<dt class='gallery-icon portrait'>\n\t\t\t\t<a href='https:\/\/eclisseetbrindille.fr\/wp-content\/uploads\/2016\/06\/Animal-01.jpg'><img loading=\"lazy\" decoding=\"async\" width=\"273\" height=\"300\" src=\"https:\/\/eclisseetbrindille.fr\/wp-content\/uploads\/2016\/06\/Animal-01-273x300.jpg\" class=\"attachment-medium size-medium\" alt=\"\" aria-describedby=\"gallery-1-526\" srcset=\"https:\/\/eclisseetbrindille.fr\/wp-content\/uploads\/2016\/06\/Animal-01-273x300.jpg 273w, https:\/\/eclisseetbrindille.fr\/wp-content\/uploads\/2016\/06\/Animal-01-768x844.jpg 768w, https:\/\/eclisseetbrindille.fr\/wp-content\/uploads\/2016\/06\/Animal-01-932x1024.jpg 932w, https:\/\/eclisseetbrindille.fr\/wp-content\/uploads\/2016\/06\/Animal-01.jpg 1076w\" sizes=\"auto, (max-width: 273px) 100vw, 273px\" \/><\/a>\n\t\t\t<\/dt>\n\t\t\t\t<dd class='wp-caption-text gallery-caption' id='gallery-1-526'>\n\t\t\t\tAnimal fantastique\n\t\t\t\t<\/dd><\/dl><dl class='gallery-item'>\n\t\t\t<dt class='gallery-icon landscape'>\n\t\t\t\t<a href='https:\/\/eclisseetbrindille.fr\/wp-content\/uploads\/2015\/12\/Voiture-de-sport-vintage-bois-massif.jpg'><img loading=\"lazy\" decoding=\"async\" width=\"300\" height=\"267\" src=\"https:\/\/eclisseetbrindille.fr\/wp-content\/uploads\/2015\/12\/Voiture-de-sport-vintage-bois-massif-300x267.jpg\" class=\"attachment-medium size-medium\" alt=\"\" aria-describedby=\"gallery-1-256\" srcset=\"https:\/\/eclisseetbrindille.fr\/wp-content\/uploads\/2015\/12\/Voiture-de-sport-vintage-bois-massif-300x267.jpg 300w, https:\/\/eclisseetbrindille.fr\/wp-content\/uploads\/2015\/12\/Voiture-de-sport-vintage-bois-massif-1024x911.jpg 1024w\" sizes=\"auto, (max-width: 300px) 100vw, 300px\" \/><\/a>\n\t\t\t<\/dt>\n\t\t\t\t<dd class='wp-caption-text gallery-caption' id='gallery-1-256'>\n\t\t\t\tVoiture de sport vintage bois massif\n\t\t\t\t<\/dd><\/dl><br style=\"clear: both\" \/><dl class='gallery-item'>\n\t\t\t<dt class='gallery-icon landscape'>\n\t\t\t\t<a href='https:\/\/eclisseetbrindille.fr\/wp-content\/uploads\/2015\/12\/Voiture-de-sport-r\u00e9tro-bouleau.jpg'><img loading=\"lazy\" decoding=\"async\" width=\"300\" height=\"267\" src=\"https:\/\/eclisseetbrindille.fr\/wp-content\/uploads\/2015\/12\/Voiture-de-sport-r\u00e9tro-bouleau-300x267.jpg\" class=\"attachment-medium size-medium\" alt=\"\" aria-describedby=\"gallery-1-255\" srcset=\"https:\/\/eclisseetbrindille.fr\/wp-content\/uploads\/2015\/12\/Voiture-de-sport-r\u00e9tro-bouleau-300x267.jpg 300w, https:\/\/eclisseetbrindille.fr\/wp-content\/uploads\/2015\/12\/Voiture-de-sport-r\u00e9tro-bouleau-1024x911.jpg 1024w\" sizes=\"auto, (max-width: 300px) 100vw, 300px\" \/><\/a>\n\t\t\t<\/dt>\n\t\t\t\t<dd class='wp-caption-text gallery-caption' id='gallery-1-255'>\n\t\t\t\tVoiture de sport r\u00e9tro bouleau\n\t\t\t\t<\/dd><\/dl><dl class='gallery-item'>\n\t\t\t<dt class='gallery-icon landscape'>\n\t\t\t\t<a href='https:\/\/eclisseetbrindille.fr\/wp-content\/uploads\/2015\/12\/Voiture-vintage-bois-brut-alisier.jpg'><img loading=\"lazy\" decoding=\"async\" width=\"300\" height=\"274\" src=\"https:\/\/eclisseetbrindille.fr\/wp-content\/uploads\/2015\/12\/Voiture-vintage-bois-brut-alisier-300x274.jpg\" class=\"attachment-medium size-medium\" alt=\"\" aria-describedby=\"gallery-1-258\" srcset=\"https:\/\/eclisseetbrindille.fr\/wp-content\/uploads\/2015\/12\/Voiture-vintage-bois-brut-alisier-300x274.jpg 300w, https:\/\/eclisseetbrindille.fr\/wp-content\/uploads\/2015\/12\/Voiture-vintage-bois-brut-alisier-1024x934.jpg 1024w\" sizes=\"auto, (max-width: 300px) 100vw, 300px\" \/><\/a>\n\t\t\t<\/dt>\n\t\t\t\t<dd class='wp-caption-text gallery-caption' id='gallery-1-258'>\n\t\t\t\tVoiture vintage bois brut alisier\n\t\t\t\t<\/dd><\/dl><dl class='gallery-item'>\n\t\t\t<dt class='gallery-icon landscape'>\n\t\t\t\t<a href='https:\/\/eclisseetbrindille.fr\/wp-content\/uploads\/2015\/12\/Voiture-de-course-vintage-alisier.jpg'><img loading=\"lazy\" decoding=\"async\" width=\"300\" height=\"274\" src=\"https:\/\/eclisseetbrindille.fr\/wp-content\/uploads\/2015\/12\/Voiture-de-course-vintage-alisier-300x274.jpg\" class=\"attachment-medium size-medium\" alt=\"\" aria-describedby=\"gallery-1-251\" srcset=\"https:\/\/eclisseetbrindille.fr\/wp-content\/uploads\/2015\/12\/Voiture-de-course-vintage-alisier-300x274.jpg 300w, https:\/\/eclisseetbrindille.fr\/wp-content\/uploads\/2015\/12\/Voiture-de-course-vintage-alisier-1024x934.jpg 1024w\" sizes=\"auto, (max-width: 300px) 100vw, 300px\" \/><\/a>\n\t\t\t<\/dt>\n\t\t\t\t<dd class='wp-caption-text gallery-caption' id='gallery-1-251'>\n\t\t\t\tVoiture de course vintage alisier\n\t\t\t\t<\/dd><\/dl><dl class='gallery-item'>\n\t\t\t<dt class='gallery-icon landscape'>\n\t\t\t\t<a href='https:\/\/eclisseetbrindille.fr\/wp-content\/uploads\/2015\/12\/Voiture-bois-brut-alisier.jpg'><img loading=\"lazy\" decoding=\"async\" width=\"300\" height=\"274\" src=\"https:\/\/eclisseetbrindille.fr\/wp-content\/uploads\/2015\/12\/Voiture-bois-brut-alisier-300x274.jpg\" class=\"attachment-medium size-medium\" alt=\"\" aria-describedby=\"gallery-1-249\" srcset=\"https:\/\/eclisseetbrindille.fr\/wp-content\/uploads\/2015\/12\/Voiture-bois-brut-alisier-300x274.jpg 300w, https:\/\/eclisseetbrindille.fr\/wp-content\/uploads\/2015\/12\/Voiture-bois-brut-alisier-1024x934.jpg 1024w\" sizes=\"auto, (max-width: 300px) 100vw, 300px\" \/><\/a>\n\t\t\t<\/dt>\n\t\t\t\t<dd class='wp-caption-text gallery-caption' id='gallery-1-249'>\n\t\t\t\tVoiture bois brut alisier\n\t\t\t\t<\/dd><\/dl><br style=\"clear: both\" \/><dl class='gallery-item'>\n\t\t\t<dt class='gallery-icon landscape'>\n\t\t\t\t<a href='https:\/\/eclisseetbrindille.fr\/wp-content\/uploads\/2015\/12\/Voiture-r\u00e9tro-bois-brut-bouleau.jpg'><img loading=\"lazy\" decoding=\"async\" width=\"300\" height=\"267\" src=\"https:\/\/eclisseetbrindille.fr\/wp-content\/uploads\/2015\/12\/Voiture-r\u00e9tro-bois-brut-bouleau-300x267.jpg\" class=\"attachment-medium size-medium\" alt=\"\" aria-describedby=\"gallery-1-257\" srcset=\"https:\/\/eclisseetbrindille.fr\/wp-content\/uploads\/2015\/12\/Voiture-r\u00e9tro-bois-brut-bouleau-300x267.jpg 300w, https:\/\/eclisseetbrindille.fr\/wp-content\/uploads\/2015\/12\/Voiture-r\u00e9tro-bois-brut-bouleau-1024x911.jpg 1024w\" sizes=\"auto, (max-width: 300px) 100vw, 300px\" \/><\/a>\n\t\t\t<\/dt>\n\t\t\t\t<dd class='wp-caption-text gallery-caption' id='gallery-1-257'>\n\t\t\t\tVoiture r\u00e9tro bois brut bouleau\n\t\t\t\t<\/dd><\/dl><dl class='gallery-item'>\n\t\t\t<dt class='gallery-icon landscape'>\n\t\t\t\t<a href='https:\/\/eclisseetbrindille.fr\/wp-content\/uploads\/2015\/12\/Voiture-de-sport-bouleau.jpg'><img loading=\"lazy\" decoding=\"async\" width=\"300\" height=\"274\" src=\"https:\/\/eclisseetbrindille.fr\/wp-content\/uploads\/2015\/12\/Voiture-de-sport-bouleau-300x274.jpg\" class=\"attachment-medium size-medium\" alt=\"\" aria-describedby=\"gallery-1-254\" srcset=\"https:\/\/eclisseetbrindille.fr\/wp-content\/uploads\/2015\/12\/Voiture-de-sport-bouleau-300x274.jpg 300w, https:\/\/eclisseetbrindille.fr\/wp-content\/uploads\/2015\/12\/Voiture-de-sport-bouleau-1024x934.jpg 1024w\" sizes=\"auto, (max-width: 300px) 100vw, 300px\" \/><\/a>\n\t\t\t<\/dt>\n\t\t\t\t<dd class='wp-caption-text gallery-caption' id='gallery-1-254'>\n\t\t\t\tVoiture de sport bouleau\n\t\t\t\t<\/dd><\/dl><dl class='gallery-item'>\n\t\t\t<dt class='gallery-icon portrait'>\n\t\t\t\t<a href='https:\/\/eclisseetbrindille.fr\/wp-content\/uploads\/2016\/01\/Nichoir-rustique-1.jpg'><img loading=\"lazy\" decoding=\"async\" width=\"133\" height=\"300\" src=\"https:\/\/eclisseetbrindille.fr\/wp-content\/uploads\/2016\/01\/Nichoir-rustique-1-133x300.jpg\" class=\"attachment-medium size-medium\" alt=\"\" aria-describedby=\"gallery-1-303\" srcset=\"https:\/\/eclisseetbrindille.fr\/wp-content\/uploads\/2016\/01\/Nichoir-rustique-1-133x300.jpg 133w, https:\/\/eclisseetbrindille.fr\/wp-content\/uploads\/2016\/01\/Nichoir-rustique-1-768x1729.jpg 768w, https:\/\/eclisseetbrindille.fr\/wp-content\/uploads\/2016\/01\/Nichoir-rustique-1-455x1024.jpg 455w, https:\/\/eclisseetbrindille.fr\/wp-content\/uploads\/2016\/01\/Nichoir-rustique-1.jpg 1821w\" sizes=\"auto, (max-width: 133px) 100vw, 133px\" \/><\/a>\n\t\t\t<\/dt>\n\t\t\t\t<dd class='wp-caption-text gallery-caption' id='gallery-1-303'>\n\t\t\t\tNichoir rustique noisetier, viorne, bourdaine, tro\u00e8ne sauvage\n\t\t\t\t<\/dd><\/dl><dl class='gallery-item'>\n\t\t\t<dt class='gallery-icon landscape'>\n\t\t\t\t<a href='https:\/\/eclisseetbrindille.fr\/wp-content\/uploads\/2015\/11\/Mini-corbeille-1.jpg'><img loading=\"lazy\" decoding=\"async\" width=\"300\" height=\"265\" src=\"https:\/\/eclisseetbrindille.fr\/wp-content\/uploads\/2015\/11\/Mini-corbeille-1-300x265.jpg\" class=\"attachment-medium size-medium\" alt=\"\" aria-describedby=\"gallery-1-310\" srcset=\"https:\/\/eclisseetbrindille.fr\/wp-content\/uploads\/2015\/11\/Mini-corbeille-1-300x265.jpg 300w, https:\/\/eclisseetbrindille.fr\/wp-content\/uploads\/2015\/11\/Mini-corbeille-1-768x679.jpg 768w, https:\/\/eclisseetbrindille.fr\/wp-content\/uploads\/2015\/11\/Mini-corbeille-1.jpg 883w\" sizes=\"auto, (max-width: 300px) 100vw, 300px\" \/><\/a>\n\t\t\t<\/dt>\n\t\t\t\t<dd class='wp-caption-text gallery-caption' id='gallery-1-310'>\n\t\t\t\tMini corbeille noisetier\n\t\t\t\t<\/dd><\/dl><br style=\"clear: both\" \/><dl class='gallery-item'>\n\t\t\t<dt class='gallery-icon landscape'>\n\t\t\t\t<a href='https:\/\/eclisseetbrindille.fr\/wp-content\/uploads\/2015\/11\/16-Petites-corbeilles.jpg'><img loading=\"lazy\" decoding=\"async\" width=\"300\" height=\"193\" src=\"https:\/\/eclisseetbrindille.fr\/wp-content\/uploads\/2015\/11\/16-Petites-corbeilles-300x193.jpg\" class=\"attachment-medium size-medium\" alt=\"\" aria-describedby=\"gallery-1-347\" srcset=\"https:\/\/eclisseetbrindille.fr\/wp-content\/uploads\/2015\/11\/16-Petites-corbeilles-300x193.jpg 300w, https:\/\/eclisseetbrindille.fr\/wp-content\/uploads\/2015\/11\/16-Petites-corbeilles-768x495.jpg 768w, https:\/\/eclisseetbrindille.fr\/wp-content\/uploads\/2015\/11\/16-Petites-corbeilles-1024x660.jpg 1024w\" sizes=\"auto, (max-width: 300px) 100vw, 300px\" \/><\/a>\n\t\t\t<\/dt>\n\t\t\t\t<dd class='wp-caption-text gallery-caption' id='gallery-1-347'>\n\t\t\t\t16 Petites corbeilles viorne et noisetier pour d\u00e9cor tables de mariage\n\t\t\t\t<\/dd><\/dl><dl class='gallery-item'>\n\t\t\t<dt class='gallery-icon portrait'>\n\t\t\t\t<a href='https:\/\/eclisseetbrindille.fr\/wp-content\/uploads\/2015\/11\/Chapeaux-M\u00e9lusine-1.jpg'><img loading=\"lazy\" decoding=\"async\" width=\"265\" height=\"300\" src=\"https:\/\/eclisseetbrindille.fr\/wp-content\/uploads\/2015\/11\/Chapeaux-M\u00e9lusine-1-265x300.jpg\" class=\"attachment-medium size-medium\" alt=\"\" aria-describedby=\"gallery-1-349\" srcset=\"https:\/\/eclisseetbrindille.fr\/wp-content\/uploads\/2015\/11\/Chapeaux-M\u00e9lusine-1-265x300.jpg 265w, https:\/\/eclisseetbrindille.fr\/wp-content\/uploads\/2015\/11\/Chapeaux-M\u00e9lusine-1-768x870.jpg 768w, https:\/\/eclisseetbrindille.fr\/wp-content\/uploads\/2015\/11\/Chapeaux-M\u00e9lusine-1.jpg 900w\" sizes=\"auto, (max-width: 265px) 100vw, 265px\" \/><\/a>\n\t\t\t<\/dt>\n\t\t\t\t<dd class='wp-caption-text gallery-caption' id='gallery-1-349'>\n\t\t\t\tCommande de M\u00e9lusine et ses amies pour une f\u00eate champ\u00eatre\n\t\t\t\t<\/dd><\/dl><dl class='gallery-item'>\n\t\t\t<dt class='gallery-icon landscape'>\n\t\t\t\t<a href='https:\/\/eclisseetbrindille.fr\/wp-content\/uploads\/2016\/06\/Cars-01.jpg'><img loading=\"lazy\" decoding=\"async\" width=\"300\" height=\"225\" src=\"https:\/\/eclisseetbrindille.fr\/wp-content\/uploads\/2016\/06\/Cars-01-300x225.jpg\" class=\"attachment-medium size-medium\" alt=\"\" aria-describedby=\"gallery-1-517\" srcset=\"https:\/\/eclisseetbrindille.fr\/wp-content\/uploads\/2016\/06\/Cars-01-300x225.jpg 300w, https:\/\/eclisseetbrindille.fr\/wp-content\/uploads\/2016\/06\/Cars-01-768x576.jpg 768w, https:\/\/eclisseetbrindille.fr\/wp-content\/uploads\/2016\/06\/Cars-01-1024x768.jpg 1024w\" sizes=\"auto, (max-width: 300px) 100vw, 300px\" \/><\/a>\n\t\t\t<\/dt>\n\t\t\t\t<dd class='wp-caption-text gallery-caption' id='gallery-1-517'>\n\t\t\t\tEmbouteillage\n\t\t\t\t<\/dd><\/dl><dl class='gallery-item'>\n\t\t\t<dt class='gallery-icon portrait'>\n\t\t\t\t<a href='https:\/\/eclisseetbrindille.fr\/wp-content\/uploads\/2016\/06\/Crazy-car-01b.jpg'><img loading=\"lazy\" decoding=\"async\" width=\"225\" height=\"300\" src=\"https:\/\/eclisseetbrindille.fr\/wp-content\/uploads\/2016\/06\/Crazy-car-01b-225x300.jpg\" class=\"attachment-medium size-medium\" alt=\"\" aria-describedby=\"gallery-1-518\" srcset=\"https:\/\/eclisseetbrindille.fr\/wp-content\/uploads\/2016\/06\/Crazy-car-01b-225x300.jpg 225w, https:\/\/eclisseetbrindille.fr\/wp-content\/uploads\/2016\/06\/Crazy-car-01b-768x1024.jpg 768w\" sizes=\"auto, (max-width: 225px) 100vw, 225px\" \/><\/a>\n\t\t\t<\/dt>\n\t\t\t\t<dd class='wp-caption-text gallery-caption' id='gallery-1-518'>\n\t\t\t\tTableau voiture vintage\n\t\t\t\t<\/dd><\/dl><br style=\"clear: both\" \/><dl class='gallery-item'>\n\t\t\t<dt class='gallery-icon portrait'>\n\t\t\t\t<a href='https:\/\/eclisseetbrindille.fr\/wp-content\/uploads\/2016\/06\/Crazy-car-03b.jpg'><img loading=\"lazy\" decoding=\"async\" width=\"225\" height=\"300\" src=\"https:\/\/eclisseetbrindille.fr\/wp-content\/uploads\/2016\/06\/Crazy-car-03b-225x300.jpg\" class=\"attachment-medium size-medium\" alt=\"\" aria-describedby=\"gallery-1-516\" srcset=\"https:\/\/eclisseetbrindille.fr\/wp-content\/uploads\/2016\/06\/Crazy-car-03b-225x300.jpg 225w, https:\/\/eclisseetbrindille.fr\/wp-content\/uploads\/2016\/06\/Crazy-car-03b-768x1024.jpg 768w\" sizes=\"auto, (max-width: 225px) 100vw, 225px\" \/><\/a>\n\t\t\t<\/dt>\n\t\t\t\t<dd class='wp-caption-text gallery-caption' id='gallery-1-516'>\n\t\t\t\tTableau voiture vintage\n\t\t\t\t<\/dd><\/dl><dl class='gallery-item'>\n\t\t\t<dt class='gallery-icon portrait'>\n\t\t\t\t<a href='https:\/\/eclisseetbrindille.fr\/wp-content\/uploads\/2016\/06\/Crazy-car-02b.jpg'><img loading=\"lazy\" decoding=\"async\" width=\"225\" height=\"300\" src=\"https:\/\/eclisseetbrindille.fr\/wp-content\/uploads\/2016\/06\/Crazy-car-02b-225x300.jpg\" class=\"attachment-medium size-medium\" alt=\"\" aria-describedby=\"gallery-1-515\" srcset=\"https:\/\/eclisseetbrindille.fr\/wp-content\/uploads\/2016\/06\/Crazy-car-02b-225x300.jpg 225w, https:\/\/eclisseetbrindille.fr\/wp-content\/uploads\/2016\/06\/Crazy-car-02b-768x1024.jpg 768w\" sizes=\"auto, (max-width: 225px) 100vw, 225px\" \/><\/a>\n\t\t\t<\/dt>\n\t\t\t\t<dd class='wp-caption-text gallery-caption' id='gallery-1-515'>\n\t\t\t\tTableau voiture vintage\n\t\t\t\t<\/dd><\/dl><dl class='gallery-item'>\n\t\t\t<dt class='gallery-icon landscape'>\n\t\t\t\t<a href='https:\/\/eclisseetbrindille.fr\/wp-content\/uploads\/2016\/06\/Corbeille-3abcd.jpg'><img loading=\"lazy\" decoding=\"async\" width=\"300\" height=\"225\" src=\"https:\/\/eclisseetbrindille.fr\/wp-content\/uploads\/2016\/06\/Corbeille-3abcd-300x225.jpg\" class=\"attachment-medium size-medium\" alt=\"\" aria-describedby=\"gallery-1-484\" srcset=\"https:\/\/eclisseetbrindille.fr\/wp-content\/uploads\/2016\/06\/Corbeille-3abcd-300x225.jpg 300w, https:\/\/eclisseetbrindille.fr\/wp-content\/uploads\/2016\/06\/Corbeille-3abcd-768x577.jpg 768w, https:\/\/eclisseetbrindille.fr\/wp-content\/uploads\/2016\/06\/Corbeille-3abcd-1024x769.jpg 1024w, https:\/\/eclisseetbrindille.fr\/wp-content\/uploads\/2016\/06\/Corbeille-3abcd.jpg 1151w\" sizes=\"auto, (max-width: 300px) 100vw, 300px\" \/><\/a>\n\t\t\t<\/dt>\n\t\t\t\t<dd class='wp-caption-text gallery-caption' id='gallery-1-484'>\n\t\t\t\tCorbeille anse lierre\n\t\t\t\t<\/dd><\/dl><dl class='gallery-item'>\n\t\t\t<dt class='gallery-icon landscape'>\n\t\t\t\t<a href='https:\/\/eclisseetbrindille.fr\/wp-content\/uploads\/2016\/06\/Panier-\u00e0-bois-02_1.jpg'><img loading=\"lazy\" decoding=\"async\" width=\"300\" height=\"225\" src=\"https:\/\/eclisseetbrindille.fr\/wp-content\/uploads\/2016\/06\/Panier-\u00e0-bois-02_1-300x225.jpg\" class=\"attachment-medium size-medium\" alt=\"\" srcset=\"https:\/\/eclisseetbrindille.fr\/wp-content\/uploads\/2016\/06\/Panier-\u00e0-bois-02_1-300x225.jpg 300w, https:\/\/eclisseetbrindille.fr\/wp-content\/uploads\/2016\/06\/Panier-\u00e0-bois-02_1-768x576.jpg 768w, https:\/\/eclisseetbrindille.fr\/wp-content\/uploads\/2016\/06\/Panier-\u00e0-bois-02_1-1024x768.jpg 1024w\" sizes=\"auto, (max-width: 300px) 100vw, 300px\" \/><\/a>\n\t\t\t<\/dt><\/dl><br style=\"clear: both\" \/><dl class='gallery-item'>\n\t\t\t<dt class='gallery-icon portrait'>\n\t\t\t\t<a href='https:\/\/eclisseetbrindille.fr\/wp-content\/uploads\/2016\/06\/Animal-02b.jpg'><img loading=\"lazy\" decoding=\"async\" width=\"225\" height=\"300\" src=\"https:\/\/eclisseetbrindille.fr\/wp-content\/uploads\/2016\/06\/Animal-02b-225x300.jpg\" class=\"attachment-medium size-medium\" alt=\"\" aria-describedby=\"gallery-1-524\" srcset=\"https:\/\/eclisseetbrindille.fr\/wp-content\/uploads\/2016\/06\/Animal-02b-225x300.jpg 225w, https:\/\/eclisseetbrindille.fr\/wp-content\/uploads\/2016\/06\/Animal-02b-768x1024.jpg 768w\" sizes=\"auto, (max-width: 225px) 100vw, 225px\" \/><\/a>\n\t\t\t<\/dt>\n\t\t\t\t<dd class='wp-caption-text gallery-caption' id='gallery-1-524'>\n\t\t\t\tAnimal fantastique\n\t\t\t\t<\/dd><\/dl><dl class='gallery-item'>\n\t\t\t<dt class='gallery-icon portrait'>\n\t\t\t\t<a href='https:\/\/eclisseetbrindille.fr\/wp-content\/uploads\/2016\/06\/Lanterne-mangeoire-2.jpg'><img loading=\"lazy\" decoding=\"async\" width=\"183\" height=\"300\" src=\"https:\/\/eclisseetbrindille.fr\/wp-content\/uploads\/2016\/06\/Lanterne-mangeoire-2-183x300.jpg\" class=\"attachment-medium size-medium\" alt=\"\" aria-describedby=\"gallery-1-534\" srcset=\"https:\/\/eclisseetbrindille.fr\/wp-content\/uploads\/2016\/06\/Lanterne-mangeoire-2-183x300.jpg 183w, https:\/\/eclisseetbrindille.fr\/wp-content\/uploads\/2016\/06\/Lanterne-mangeoire-2-768x1260.jpg 768w, https:\/\/eclisseetbrindille.fr\/wp-content\/uploads\/2016\/06\/Lanterne-mangeoire-2-624x1024.jpg 624w\" sizes=\"auto, (max-width: 183px) 100vw, 183px\" \/><\/a>\n\t\t\t<\/dt>\n\t\t\t\t<dd class='wp-caption-text gallery-caption' id='gallery-1-534'>\n\t\t\t\tLanterne ou mangeoire\n\t\t\t\t<\/dd><\/dl><dl class='gallery-item'>\n\t\t\t<dt class='gallery-icon portrait'>\n\t\t\t\t<a href='https:\/\/eclisseetbrindille.fr\/wp-content\/uploads\/2016\/07\/Mangeoire-et-Nichoir-0032.jpg'><img loading=\"lazy\" decoding=\"async\" width=\"166\" height=\"300\" src=\"https:\/\/eclisseetbrindille.fr\/wp-content\/uploads\/2016\/07\/Mangeoire-et-Nichoir-0032-166x300.jpg\" class=\"attachment-medium size-medium\" alt=\"\" aria-describedby=\"gallery-1-563\" srcset=\"https:\/\/eclisseetbrindille.fr\/wp-content\/uploads\/2016\/07\/Mangeoire-et-Nichoir-0032-166x300.jpg 166w, https:\/\/eclisseetbrindille.fr\/wp-content\/uploads\/2016\/07\/Mangeoire-et-Nichoir-0032-768x1390.jpg 768w, https:\/\/eclisseetbrindille.fr\/wp-content\/uploads\/2016\/07\/Mangeoire-et-Nichoir-0032-566x1024.jpg 566w, https:\/\/eclisseetbrindille.fr\/wp-content\/uploads\/2016\/07\/Mangeoire-et-Nichoir-0032.jpg 1904w\" sizes=\"auto, (max-width: 166px) 100vw, 166px\" \/><\/a>\n\t\t\t<\/dt>\n\t\t\t\t<dd class='wp-caption-text gallery-caption' id='gallery-1-563'>\n\t\t\t\tMangeoire\n\t\t\t\t<\/dd><\/dl><dl class='gallery-item'>\n\t\t\t<dt class='gallery-icon portrait'>\n\t\t\t\t<a href='https:\/\/eclisseetbrindille.fr\/wp-content\/uploads\/2016\/07\/Mangeoire-et-Nichoir-0031.jpg'><img loading=\"lazy\" decoding=\"async\" width=\"194\" height=\"300\" src=\"https:\/\/eclisseetbrindille.fr\/wp-content\/uploads\/2016\/07\/Mangeoire-et-Nichoir-0031-194x300.jpg\" class=\"attachment-medium size-medium\" alt=\"\" aria-describedby=\"gallery-1-565\" srcset=\"https:\/\/eclisseetbrindille.fr\/wp-content\/uploads\/2016\/07\/Mangeoire-et-Nichoir-0031-194x300.jpg 194w, https:\/\/eclisseetbrindille.fr\/wp-content\/uploads\/2016\/07\/Mangeoire-et-Nichoir-0031-768x1186.jpg 768w, https:\/\/eclisseetbrindille.fr\/wp-content\/uploads\/2016\/07\/Mangeoire-et-Nichoir-0031-663x1024.jpg 663w\" sizes=\"auto, (max-width: 194px) 100vw, 194px\" \/><\/a>\n\t\t\t<\/dt>\n\t\t\t\t<dd class='wp-caption-text gallery-caption' id='gallery-1-565'>\n\t\t\t\tMangeoire\n\t\t\t\t<\/dd><\/dl><br style=\"clear: both\" \/><dl class='gallery-item'>\n\t\t\t<dt class='gallery-icon portrait'>\n\t\t\t\t<a href='https:\/\/eclisseetbrindille.fr\/wp-content\/uploads\/2016\/07\/Lanterne-11.jpg'><img loading=\"lazy\" decoding=\"async\" width=\"183\" height=\"300\" src=\"https:\/\/eclisseetbrindille.fr\/wp-content\/uploads\/2016\/07\/Lanterne-11-183x300.jpg\" class=\"attachment-medium size-medium\" alt=\"\" aria-describedby=\"gallery-1-571\" srcset=\"https:\/\/eclisseetbrindille.fr\/wp-content\/uploads\/2016\/07\/Lanterne-11-183x300.jpg 183w, https:\/\/eclisseetbrindille.fr\/wp-content\/uploads\/2016\/07\/Lanterne-11-768x1261.jpg 768w, https:\/\/eclisseetbrindille.fr\/wp-content\/uploads\/2016\/07\/Lanterne-11-624x1024.jpg 624w, https:\/\/eclisseetbrindille.fr\/wp-content\/uploads\/2016\/07\/Lanterne-11.jpg 1904w\" sizes=\"auto, (max-width: 183px) 100vw, 183px\" \/><\/a>\n\t\t\t<\/dt>\n\t\t\t\t<dd class='wp-caption-text gallery-caption' id='gallery-1-571'>\n\t\t\t\tLanterne ou mangeoire\n\t\t\t\t<\/dd><\/dl><dl class='gallery-item'>\n\t\t\t<dt class='gallery-icon portrait'>\n\t\t\t\t<a href='https:\/\/eclisseetbrindille.fr\/wp-content\/uploads\/2016\/07\/Lanterne-9.jpg'><img loading=\"lazy\" decoding=\"async\" width=\"200\" height=\"300\" src=\"https:\/\/eclisseetbrindille.fr\/wp-content\/uploads\/2016\/07\/Lanterne-9-200x300.jpg\" class=\"attachment-medium size-medium\" alt=\"\" aria-describedby=\"gallery-1-569\" srcset=\"https:\/\/eclisseetbrindille.fr\/wp-content\/uploads\/2016\/07\/Lanterne-9-200x300.jpg 200w, https:\/\/eclisseetbrindille.fr\/wp-content\/uploads\/2016\/07\/Lanterne-9-768x1152.jpg 768w, https:\/\/eclisseetbrindille.fr\/wp-content\/uploads\/2016\/07\/Lanterne-9-683x1024.jpg 683w\" sizes=\"auto, (max-width: 200px) 100vw, 200px\" \/><\/a>\n\t\t\t<\/dt>\n\t\t\t\t<dd class='wp-caption-text gallery-caption' id='gallery-1-569'>\n\t\t\t\tLanterne ou mangeoire\n\t\t\t\t<\/dd><\/dl><dl class='gallery-item'>\n\t\t\t<dt class='gallery-icon portrait'>\n\t\t\t\t<a href='https:\/\/eclisseetbrindille.fr\/wp-content\/uploads\/2016\/07\/Lanterne-8.jpg'><img loading=\"lazy\" decoding=\"async\" width=\"178\" height=\"300\" src=\"https:\/\/eclisseetbrindille.fr\/wp-content\/uploads\/2016\/07\/Lanterne-8-178x300.jpg\" class=\"attachment-medium size-medium\" alt=\"\" aria-describedby=\"gallery-1-568\" srcset=\"https:\/\/eclisseetbrindille.fr\/wp-content\/uploads\/2016\/07\/Lanterne-8-178x300.jpg 178w, https:\/\/eclisseetbrindille.fr\/wp-content\/uploads\/2016\/07\/Lanterne-8-768x1298.jpg 768w, https:\/\/eclisseetbrindille.fr\/wp-content\/uploads\/2016\/07\/Lanterne-8-606x1024.jpg 606w, https:\/\/eclisseetbrindille.fr\/wp-content\/uploads\/2016\/07\/Lanterne-8.jpg 2036w\" sizes=\"auto, (max-width: 178px) 100vw, 178px\" \/><\/a>\n\t\t\t<\/dt>\n\t\t\t\t<dd class='wp-caption-text gallery-caption' id='gallery-1-568'>\n\t\t\t\tLanterne ou mangeoire\n\t\t\t\t<\/dd><\/dl><dl class='gallery-item'>\n\t\t\t<dt class='gallery-icon landscape'>\n\t\t\t\t<a href='https:\/\/eclisseetbrindille.fr\/wp-content\/uploads\/2016\/07\/Voitures-01a.jpg'><img loading=\"lazy\" decoding=\"async\" width=\"300\" height=\"242\" src=\"https:\/\/eclisseetbrindille.fr\/wp-content\/uploads\/2016\/07\/Voitures-01a-300x242.jpg\" class=\"attachment-medium size-medium\" alt=\"\" aria-describedby=\"gallery-1-574\" srcset=\"https:\/\/eclisseetbrindille.fr\/wp-content\/uploads\/2016\/07\/Voitures-01a-300x242.jpg 300w, https:\/\/eclisseetbrindille.fr\/wp-content\/uploads\/2016\/07\/Voitures-01a-768x619.jpg 768w, https:\/\/eclisseetbrindille.fr\/wp-content\/uploads\/2016\/07\/Voitures-01a-1024x825.jpg 1024w\" sizes=\"auto, (max-width: 300px) 100vw, 300px\" \/><\/a>\n\t\t\t<\/dt>\n\t\t\t\t<dd class='wp-caption-text gallery-caption' id='gallery-1-574'>\n\t\t\t\tVoitures \u00e9cologiques\n\t\t\t\t<\/dd><\/dl><br style=\"clear: both\" \/><dl class='gallery-item'>\n\t\t\t<dt class='gallery-icon landscape'>\n\t\t\t\t<a href='https:\/\/eclisseetbrindille.fr\/wp-content\/uploads\/2016\/07\/Voiture-10a.jpg'><img loading=\"lazy\" decoding=\"async\" width=\"300\" height=\"225\" src=\"https:\/\/eclisseetbrindille.fr\/wp-content\/uploads\/2016\/07\/Voiture-10a-300x225.jpg\" class=\"attachment-medium size-medium\" alt=\"\" aria-describedby=\"gallery-1-581\" srcset=\"https:\/\/eclisseetbrindille.fr\/wp-content\/uploads\/2016\/07\/Voiture-10a-300x225.jpg 300w, https:\/\/eclisseetbrindille.fr\/wp-content\/uploads\/2016\/07\/Voiture-10a-768x576.jpg 768w, https:\/\/eclisseetbrindille.fr\/wp-content\/uploads\/2016\/07\/Voiture-10a-1024x768.jpg 1024w\" sizes=\"auto, (max-width: 300px) 100vw, 300px\" \/><\/a>\n\t\t\t<\/dt>\n\t\t\t\t<dd class='wp-caption-text gallery-caption' id='gallery-1-581'>\n\t\t\t\tVoiture r\u00e9tro \u00e9colo\n\t\t\t\t<\/dd><\/dl><dl class='gallery-item'>\n\t\t\t<dt class='gallery-icon landscape'>\n\t\t\t\t<a href='https:\/\/eclisseetbrindille.fr\/wp-content\/uploads\/2016\/07\/Voiture-09.jpg'><img loading=\"lazy\" decoding=\"async\" width=\"300\" height=\"225\" src=\"https:\/\/eclisseetbrindille.fr\/wp-content\/uploads\/2016\/07\/Voiture-09-300x225.jpg\" class=\"attachment-medium size-medium\" alt=\"\" aria-describedby=\"gallery-1-580\" srcset=\"https:\/\/eclisseetbrindille.fr\/wp-content\/uploads\/2016\/07\/Voiture-09-300x225.jpg 300w, https:\/\/eclisseetbrindille.fr\/wp-content\/uploads\/2016\/07\/Voiture-09-768x576.jpg 768w, https:\/\/eclisseetbrindille.fr\/wp-content\/uploads\/2016\/07\/Voiture-09-1024x768.jpg 1024w\" sizes=\"auto, (max-width: 300px) 100vw, 300px\" \/><\/a>\n\t\t\t<\/dt>\n\t\t\t\t<dd class='wp-caption-text gallery-caption' id='gallery-1-580'>\n\t\t\t\tVoiture r\u00e9tro \u00e9colo\n\t\t\t\t<\/dd><\/dl><dl class='gallery-item'>\n\t\t\t<dt class='gallery-icon landscape'>\n\t\t\t\t<a href='https:\/\/eclisseetbrindille.fr\/wp-content\/uploads\/2016\/07\/Voiture-05b.jpg'><img loading=\"lazy\" decoding=\"async\" width=\"300\" height=\"207\" src=\"https:\/\/eclisseetbrindille.fr\/wp-content\/uploads\/2016\/07\/Voiture-05b-300x207.jpg\" class=\"attachment-medium size-medium\" alt=\"\" aria-describedby=\"gallery-1-579\" srcset=\"https:\/\/eclisseetbrindille.fr\/wp-content\/uploads\/2016\/07\/Voiture-05b-300x207.jpg 300w, https:\/\/eclisseetbrindille.fr\/wp-content\/uploads\/2016\/07\/Voiture-05b-768x529.jpg 768w, https:\/\/eclisseetbrindille.fr\/wp-content\/uploads\/2016\/07\/Voiture-05b-1024x706.jpg 1024w\" sizes=\"auto, (max-width: 300px) 100vw, 300px\" \/><\/a>\n\t\t\t<\/dt>\n\t\t\t\t<dd class='wp-caption-text gallery-caption' id='gallery-1-579'>\n\t\t\t\tVoiture r\u00e9tro \u00e9colo\n\t\t\t\t<\/dd><\/dl><dl class='gallery-item'>\n\t\t\t<dt class='gallery-icon portrait'>\n\t\t\t\t<a href='https:\/\/eclisseetbrindille.fr\/wp-content\/uploads\/2016\/07\/Voiture-07.jpg'><img loading=\"lazy\" decoding=\"async\" width=\"205\" height=\"300\" src=\"https:\/\/eclisseetbrindille.fr\/wp-content\/uploads\/2016\/07\/Voiture-07-205x300.jpg\" class=\"attachment-medium size-medium\" alt=\"\" aria-describedby=\"gallery-1-577\" srcset=\"https:\/\/eclisseetbrindille.fr\/wp-content\/uploads\/2016\/07\/Voiture-07-205x300.jpg 205w, https:\/\/eclisseetbrindille.fr\/wp-content\/uploads\/2016\/07\/Voiture-07-768x1124.jpg 768w, https:\/\/eclisseetbrindille.fr\/wp-content\/uploads\/2016\/07\/Voiture-07-699x1024.jpg 699w\" sizes=\"auto, (max-width: 205px) 100vw, 205px\" \/><\/a>\n\t\t\t<\/dt>\n\t\t\t\t<dd class='wp-caption-text gallery-caption' id='gallery-1-577'>\n\t\t\t\tVoiture r\u00e9tro \u00e9colo\n\t\t\t\t<\/dd><\/dl><br style=\"clear: both\" \/><dl class='gallery-item'>\n\t\t\t<dt class='gallery-icon portrait'>\n\t\t\t\t<a href='https:\/\/eclisseetbrindille.fr\/wp-content\/uploads\/2016\/10\/Mangeoire-lanterne-1.jpg'><img loading=\"lazy\" decoding=\"async\" width=\"156\" height=\"300\" src=\"https:\/\/eclisseetbrindille.fr\/wp-content\/uploads\/2016\/10\/Mangeoire-lanterne-1-156x300.jpg\" class=\"attachment-medium size-medium\" alt=\"\" aria-describedby=\"gallery-1-632\" srcset=\"https:\/\/eclisseetbrindille.fr\/wp-content\/uploads\/2016\/10\/Mangeoire-lanterne-1-156x300.jpg 156w, https:\/\/eclisseetbrindille.fr\/wp-content\/uploads\/2016\/10\/Mangeoire-lanterne-1-768x1478.jpg 768w, https:\/\/eclisseetbrindille.fr\/wp-content\/uploads\/2016\/10\/Mangeoire-lanterne-1-532x1024.jpg 532w\" sizes=\"auto, (max-width: 156px) 100vw, 156px\" \/><\/a>\n\t\t\t<\/dt>\n\t\t\t\t<dd class='wp-caption-text gallery-caption' id='gallery-1-632'>\n\t\t\t\tMangeoire lanterne\n\t\t\t\t<\/dd><\/dl><dl class='gallery-item'>\n\t\t\t<dt class='gallery-icon portrait'>\n\t\t\t\t<a href='https:\/\/eclisseetbrindille.fr\/wp-content\/uploads\/2016\/10\/Lanterne-mangeoire-bourdaine.jpg'><img loading=\"lazy\" decoding=\"async\" width=\"237\" height=\"300\" src=\"https:\/\/eclisseetbrindille.fr\/wp-content\/uploads\/2016\/10\/Lanterne-mangeoire-bourdaine-237x300.jpg\" class=\"attachment-medium size-medium\" alt=\"\" srcset=\"https:\/\/eclisseetbrindille.fr\/wp-content\/uploads\/2016\/10\/Lanterne-mangeoire-bourdaine-237x300.jpg 237w, https:\/\/eclisseetbrindille.fr\/wp-content\/uploads\/2016\/10\/Lanterne-mangeoire-bourdaine-768x972.jpg 768w, https:\/\/eclisseetbrindille.fr\/wp-content\/uploads\/2016\/10\/Lanterne-mangeoire-bourdaine-809x1024.jpg 809w\" sizes=\"auto, (max-width: 237px) 100vw, 237px\" \/><\/a>\n\t\t\t<\/dt><\/dl><dl class='gallery-item'>\n\t\t\t<dt class='gallery-icon portrait'>\n\t\t\t\t<a href='https:\/\/eclisseetbrindille.fr\/wp-content\/uploads\/2016\/10\/Lanterne-anneau.jpg'><img loading=\"lazy\" decoding=\"async\" width=\"255\" height=\"300\" src=\"https:\/\/eclisseetbrindille.fr\/wp-content\/uploads\/2016\/10\/Lanterne-anneau-255x300.jpg\" class=\"attachment-medium size-medium\" alt=\"\" aria-describedby=\"gallery-1-629\" srcset=\"https:\/\/eclisseetbrindille.fr\/wp-content\/uploads\/2016\/10\/Lanterne-anneau-255x300.jpg 255w, https:\/\/eclisseetbrindille.fr\/wp-content\/uploads\/2016\/10\/Lanterne-anneau-768x904.jpg 768w, https:\/\/eclisseetbrindille.fr\/wp-content\/uploads\/2016\/10\/Lanterne-anneau-870x1024.jpg 870w\" sizes=\"auto, (max-width: 255px) 100vw, 255px\" \/><\/a>\n\t\t\t<\/dt>\n\t\t\t\t<dd class='wp-caption-text gallery-caption' id='gallery-1-629'>\n\t\t\t\tLanterne anneau\n\t\t\t\t<\/dd><\/dl><dl class='gallery-item'>\n\t\t\t<dt class='gallery-icon landscape'>\n\t\t\t\t<a href='https:\/\/eclisseetbrindille.fr\/wp-content\/uploads\/2016\/10\/Petit-panier-rustique.jpg'><img loading=\"lazy\" decoding=\"async\" width=\"300\" height=\"231\" src=\"https:\/\/eclisseetbrindille.fr\/wp-content\/uploads\/2016\/10\/Petit-panier-rustique-300x231.jpg\" class=\"attachment-medium size-medium\" alt=\"\" srcset=\"https:\/\/eclisseetbrindille.fr\/wp-content\/uploads\/2016\/10\/Petit-panier-rustique-300x231.jpg 300w, https:\/\/eclisseetbrindille.fr\/wp-content\/uploads\/2016\/10\/Petit-panier-rustique-768x593.jpg 768w, https:\/\/eclisseetbrindille.fr\/wp-content\/uploads\/2016\/10\/Petit-panier-rustique-1024x790.jpg 1024w\" sizes=\"auto, (max-width: 300px) 100vw, 300px\" \/><\/a>\n\t\t\t<\/dt><\/dl><br style=\"clear: both\" \/><dl class='gallery-item'>\n\t\t\t<dt class='gallery-icon landscape'>\n\t\t\t\t<a href='https:\/\/eclisseetbrindille.fr\/wp-content\/uploads\/2016\/10\/Petit-panier-rustique-anse-lierre.jpg'><img loading=\"lazy\" decoding=\"async\" width=\"300\" height=\"250\" src=\"https:\/\/eclisseetbrindille.fr\/wp-content\/uploads\/2016\/10\/Petit-panier-rustique-anse-lierre-300x250.jpg\" class=\"attachment-medium size-medium\" alt=\"\" srcset=\"https:\/\/eclisseetbrindille.fr\/wp-content\/uploads\/2016\/10\/Petit-panier-rustique-anse-lierre-300x250.jpg 300w, https:\/\/eclisseetbrindille.fr\/wp-content\/uploads\/2016\/10\/Petit-panier-rustique-anse-lierre-768x639.jpg 768w, https:\/\/eclisseetbrindille.fr\/wp-content\/uploads\/2016\/10\/Petit-panier-rustique-anse-lierre-1024x852.jpg 1024w\" sizes=\"auto, (max-width: 300px) 100vw, 300px\" \/><\/a>\n\t\t\t<\/dt><\/dl><dl class='gallery-item'>\n\t\t\t<dt class='gallery-icon landscape'>\n\t\t\t\t<a href='https:\/\/eclisseetbrindille.fr\/wp-content\/uploads\/2016\/10\/Panier-rustique-1.jpg'><img loading=\"lazy\" decoding=\"async\" width=\"300\" height=\"289\" src=\"https:\/\/eclisseetbrindille.fr\/wp-content\/uploads\/2016\/10\/Panier-rustique-1-300x289.jpg\" class=\"attachment-medium size-medium\" alt=\"\" srcset=\"https:\/\/eclisseetbrindille.fr\/wp-content\/uploads\/2016\/10\/Panier-rustique-1-300x289.jpg 300w, https:\/\/eclisseetbrindille.fr\/wp-content\/uploads\/2016\/10\/Panier-rustique-1-768x739.jpg 768w, https:\/\/eclisseetbrindille.fr\/wp-content\/uploads\/2016\/10\/Panier-rustique-1-1024x986.jpg 1024w\" sizes=\"auto, (max-width: 300px) 100vw, 300px\" \/><\/a>\n\t\t\t<\/dt><\/dl><dl class='gallery-item'>\n\t\t\t<dt class='gallery-icon portrait'>\n\t\t\t\t<a href='https:\/\/eclisseetbrindille.fr\/wp-content\/uploads\/2016\/10\/Mangeoire-lierre.jpg'><img loading=\"lazy\" decoding=\"async\" width=\"178\" height=\"300\" src=\"https:\/\/eclisseetbrindille.fr\/wp-content\/uploads\/2016\/10\/Mangeoire-lierre-178x300.jpg\" class=\"attachment-medium size-medium\" alt=\"\" aria-describedby=\"gallery-1-625\" srcset=\"https:\/\/eclisseetbrindille.fr\/wp-content\/uploads\/2016\/10\/Mangeoire-lierre-178x300.jpg 178w, https:\/\/eclisseetbrindille.fr\/wp-content\/uploads\/2016\/10\/Mangeoire-lierre-768x1297.jpg 768w, https:\/\/eclisseetbrindille.fr\/wp-content\/uploads\/2016\/10\/Mangeoire-lierre-606x1024.jpg 606w\" sizes=\"auto, (max-width: 178px) 100vw, 178px\" \/><\/a>\n\t\t\t<\/dt>\n\t\t\t\t<dd class='wp-caption-text gallery-caption' id='gallery-1-625'>\n\t\t\t\tMangeoire lierre\n\t\t\t\t<\/dd><\/dl><dl class='gallery-item'>\n\t\t\t<dt class='gallery-icon landscape'>\n\t\t\t\t<a href='https:\/\/eclisseetbrindille.fr\/wp-content\/uploads\/2016\/10\/Corbeille-rustique.jpg'><img loading=\"lazy\" decoding=\"async\" width=\"300\" height=\"192\" src=\"https:\/\/eclisseetbrindille.fr\/wp-content\/uploads\/2016\/10\/Corbeille-rustique-300x192.jpg\" class=\"attachment-medium size-medium\" alt=\"\" aria-describedby=\"gallery-1-624\" srcset=\"https:\/\/eclisseetbrindille.fr\/wp-content\/uploads\/2016\/10\/Corbeille-rustique-300x192.jpg 300w, https:\/\/eclisseetbrindille.fr\/wp-content\/uploads\/2016\/10\/Corbeille-rustique-768x491.jpg 768w, https:\/\/eclisseetbrindille.fr\/wp-content\/uploads\/2016\/10\/Corbeille-rustique-1024x655.jpg 1024w\" sizes=\"auto, (max-width: 300px) 100vw, 300px\" \/><\/a>\n\t\t\t<\/dt>\n\t\t\t\t<dd class='wp-caption-text gallery-caption' id='gallery-1-624'>\n\t\t\t\tCorbeille rustique\n\t\t\t\t<\/dd><\/dl><br style=\"clear: both\" \/><dl class='gallery-item'>\n\t\t\t<dt class='gallery-icon portrait'>\n\t\t\t\t<a href='https:\/\/eclisseetbrindille.fr\/wp-content\/uploads\/2016\/12\/Nichoir-des-bois-1.jpg'><img loading=\"lazy\" decoding=\"async\" width=\"189\" height=\"300\" src=\"https:\/\/eclisseetbrindille.fr\/wp-content\/uploads\/2016\/12\/Nichoir-des-bois-1-189x300.jpg\" class=\"attachment-medium size-medium\" alt=\"\" aria-describedby=\"gallery-1-652\" srcset=\"https:\/\/eclisseetbrindille.fr\/wp-content\/uploads\/2016\/12\/Nichoir-des-bois-1-189x300.jpg 189w, https:\/\/eclisseetbrindille.fr\/wp-content\/uploads\/2016\/12\/Nichoir-des-bois-1-768x1222.jpg 768w, https:\/\/eclisseetbrindille.fr\/wp-content\/uploads\/2016\/12\/Nichoir-des-bois-1-644x1024.jpg 644w\" sizes=\"auto, (max-width: 189px) 100vw, 189px\" \/><\/a>\n\t\t\t<\/dt>\n\t\t\t\t<dd class='wp-caption-text gallery-caption' id='gallery-1-652'>\n\t\t\t\tNichoir des bois\n\t\t\t\t<\/dd><\/dl><dl class='gallery-item'>\n\t\t\t<dt class='gallery-icon portrait'>\n\t\t\t\t<a href='https:\/\/eclisseetbrindille.fr\/wp-content\/uploads\/2016\/12\/Mangeoire-des-bois.jpg'><img loading=\"lazy\" decoding=\"async\" width=\"199\" height=\"300\" src=\"https:\/\/eclisseetbrindille.fr\/wp-content\/uploads\/2016\/12\/Mangeoire-des-bois-199x300.jpg\" class=\"attachment-medium size-medium\" alt=\"\" aria-describedby=\"gallery-1-650\" srcset=\"https:\/\/eclisseetbrindille.fr\/wp-content\/uploads\/2016\/12\/Mangeoire-des-bois-199x300.jpg 199w, https:\/\/eclisseetbrindille.fr\/wp-content\/uploads\/2016\/12\/Mangeoire-des-bois-768x1160.jpg 768w, https:\/\/eclisseetbrindille.fr\/wp-content\/uploads\/2016\/12\/Mangeoire-des-bois-678x1024.jpg 678w\" sizes=\"auto, (max-width: 199px) 100vw, 199px\" \/><\/a>\n\t\t\t<\/dt>\n\t\t\t\t<dd class='wp-caption-text gallery-caption' id='gallery-1-650'>\n\t\t\t\tMangeoire des bois\n\t\t\t\t<\/dd><\/dl><dl class='gallery-item'>\n\t\t\t<dt class='gallery-icon portrait'>\n\t\t\t\t<a href='https:\/\/eclisseetbrindille.fr\/wp-content\/uploads\/2017\/04\/Mangeoire-tiss\u00e9e-c.jpg'><img loading=\"lazy\" decoding=\"async\" width=\"174\" height=\"300\" src=\"https:\/\/eclisseetbrindille.fr\/wp-content\/uploads\/2017\/04\/Mangeoire-tiss\u00e9e-c-174x300.jpg\" class=\"attachment-medium size-medium\" alt=\"\" srcset=\"https:\/\/eclisseetbrindille.fr\/wp-content\/uploads\/2017\/04\/Mangeoire-tiss\u00e9e-c-174x300.jpg 174w, https:\/\/eclisseetbrindille.fr\/wp-content\/uploads\/2017\/04\/Mangeoire-tiss\u00e9e-c-768x1323.jpg 768w, https:\/\/eclisseetbrindille.fr\/wp-content\/uploads\/2017\/04\/Mangeoire-tiss\u00e9e-c-594x1024.jpg 594w\" sizes=\"auto, (max-width: 174px) 100vw, 174px\" \/><\/a>\n\t\t\t<\/dt><\/dl><dl class='gallery-item'>\n\t\t\t<dt class='gallery-icon portrait'>\n\t\t\t\t<a href='https:\/\/eclisseetbrindille.fr\/wp-content\/uploads\/2017\/04\/Mangeoire-simple-c.jpg'><img loading=\"lazy\" decoding=\"async\" width=\"163\" height=\"300\" src=\"https:\/\/eclisseetbrindille.fr\/wp-content\/uploads\/2017\/04\/Mangeoire-simple-c-163x300.jpg\" class=\"attachment-medium size-medium\" alt=\"\" aria-describedby=\"gallery-1-690\" srcset=\"https:\/\/eclisseetbrindille.fr\/wp-content\/uploads\/2017\/04\/Mangeoire-simple-c-163x300.jpg 163w, https:\/\/eclisseetbrindille.fr\/wp-content\/uploads\/2017\/04\/Mangeoire-simple-c-768x1417.jpg 768w, https:\/\/eclisseetbrindille.fr\/wp-content\/uploads\/2017\/04\/Mangeoire-simple-c-555x1024.jpg 555w\" sizes=\"auto, (max-width: 163px) 100vw, 163px\" \/><\/a>\n\t\t\t<\/dt>\n\t\t\t\t<dd class='wp-caption-text gallery-caption' id='gallery-1-690'>\n\t\t\t\tMangeoire simple\n\t\t\t\t<\/dd><\/dl><br style=\"clear: both\" \/><dl class='gallery-item'>\n\t\t\t<dt class='gallery-icon portrait'>\n\t\t\t\t<a href='https:\/\/eclisseetbrindille.fr\/wp-content\/uploads\/2016\/12\/Acrobate-grimpeur.jpg'><img loading=\"lazy\" decoding=\"async\" width=\"83\" height=\"300\" src=\"https:\/\/eclisseetbrindille.fr\/wp-content\/uploads\/2016\/12\/Acrobate-grimpeur-83x300.jpg\" class=\"attachment-medium size-medium\" alt=\"\" aria-describedby=\"gallery-1-649\" srcset=\"https:\/\/eclisseetbrindille.fr\/wp-content\/uploads\/2016\/12\/Acrobate-grimpeur-83x300.jpg 83w, https:\/\/eclisseetbrindille.fr\/wp-content\/uploads\/2016\/12\/Acrobate-grimpeur-768x2779.jpg 768w, https:\/\/eclisseetbrindille.fr\/wp-content\/uploads\/2016\/12\/Acrobate-grimpeur-283x1024.jpg 283w, https:\/\/eclisseetbrindille.fr\/wp-content\/uploads\/2016\/12\/Acrobate-grimpeur.jpg 1117w\" sizes=\"auto, (max-width: 83px) 100vw, 83px\" \/><\/a>\n\t\t\t<\/dt>\n\t\t\t\t<dd class='wp-caption-text gallery-caption' id='gallery-1-649'>\n\t\t\t\tAcrobate grimpeur\n\t\t\t\t<\/dd><\/dl><dl class='gallery-item'>\n\t\t\t<dt class='gallery-icon portrait'>\n\t\t\t\t<a href='https:\/\/eclisseetbrindille.fr\/wp-content\/uploads\/2017\/04\/Mangeoire-des-bois-c.jpg'><img loading=\"lazy\" decoding=\"async\" width=\"187\" height=\"300\" src=\"https:\/\/eclisseetbrindille.fr\/wp-content\/uploads\/2017\/04\/Mangeoire-des-bois-c-187x300.jpg\" class=\"attachment-medium size-medium\" alt=\"\" srcset=\"https:\/\/eclisseetbrindille.fr\/wp-content\/uploads\/2017\/04\/Mangeoire-des-bois-c-187x300.jpg 187w, https:\/\/eclisseetbrindille.fr\/wp-content\/uploads\/2017\/04\/Mangeoire-des-bois-c-768x1232.jpg 768w, https:\/\/eclisseetbrindille.fr\/wp-content\/uploads\/2017\/04\/Mangeoire-des-bois-c-639x1024.jpg 639w, https:\/\/eclisseetbrindille.fr\/wp-content\/uploads\/2017\/04\/Mangeoire-des-bois-c.jpg 1976w\" sizes=\"auto, (max-width: 187px) 100vw, 187px\" \/><\/a>\n\t\t\t<\/dt><\/dl><dl class='gallery-item'>\n\t\t\t<dt class='gallery-icon landscape'>\n\t\t\t\t<a href='https:\/\/eclisseetbrindille.fr\/wp-content\/uploads\/2017\/04\/Grande-corbeille-coeur-c.jpg'><img loading=\"lazy\" decoding=\"async\" width=\"300\" height=\"244\" src=\"https:\/\/eclisseetbrindille.fr\/wp-content\/uploads\/2017\/04\/Grande-corbeille-coeur-c-300x244.jpg\" class=\"attachment-medium size-medium\" alt=\"\" aria-describedby=\"gallery-1-688\" srcset=\"https:\/\/eclisseetbrindille.fr\/wp-content\/uploads\/2017\/04\/Grande-corbeille-coeur-c-300x244.jpg 300w, https:\/\/eclisseetbrindille.fr\/wp-content\/uploads\/2017\/04\/Grande-corbeille-coeur-c-768x625.jpg 768w, https:\/\/eclisseetbrindille.fr\/wp-content\/uploads\/2017\/04\/Grande-corbeille-coeur-c-1024x834.jpg 1024w\" sizes=\"auto, (max-width: 300px) 100vw, 300px\" \/><\/a>\n\t\t\t<\/dt>\n\t\t\t\t<dd class='wp-caption-text gallery-caption' id='gallery-1-688'>\n\t\t\t\tGrande corbeille coeur\n\t\t\t\t<\/dd><\/dl><dl class='gallery-item'>\n\t\t\t<dt class='gallery-icon landscape'>\n\t\t\t\t<a href='https:\/\/eclisseetbrindille.fr\/wp-content\/uploads\/2017\/04\/Cloche-\u00e0-fromage-c.jpg'><img loading=\"lazy\" decoding=\"async\" width=\"300\" height=\"266\" src=\"https:\/\/eclisseetbrindille.fr\/wp-content\/uploads\/2017\/04\/Cloche-\u00e0-fromage-c-300x266.jpg\" class=\"attachment-medium size-medium\" alt=\"\" aria-describedby=\"gallery-1-685\" srcset=\"https:\/\/eclisseetbrindille.fr\/wp-content\/uploads\/2017\/04\/Cloche-\u00e0-fromage-c-300x266.jpg 300w, https:\/\/eclisseetbrindille.fr\/wp-content\/uploads\/2017\/04\/Cloche-\u00e0-fromage-c-768x680.jpg 768w, https:\/\/eclisseetbrindille.fr\/wp-content\/uploads\/2017\/04\/Cloche-\u00e0-fromage-c-1024x907.jpg 1024w\" sizes=\"auto, (max-width: 300px) 100vw, 300px\" \/><\/a>\n\t\t\t<\/dt>\n\t\t\t\t<dd class='wp-caption-text gallery-caption' id='gallery-1-685'>\n\t\t\t\tCloche \u00e0 fromage\n\t\t\t\t<\/dd><\/dl><br style=\"clear: both\" \/><dl class='gallery-item'>\n\t\t\t<dt class='gallery-icon portrait'>\n\t\t\t\t<a href='https:\/\/eclisseetbrindille.fr\/wp-content\/uploads\/2016\/09\/Mangeoire-.jpg'><img loading=\"lazy\" decoding=\"async\" width=\"211\" height=\"300\" src=\"https:\/\/eclisseetbrindille.fr\/wp-content\/uploads\/2016\/09\/Mangeoire--211x300.jpg\" class=\"attachment-medium size-medium\" alt=\"\" aria-describedby=\"gallery-1-616\" srcset=\"https:\/\/eclisseetbrindille.fr\/wp-content\/uploads\/2016\/09\/Mangeoire--211x300.jpg 211w, https:\/\/eclisseetbrindille.fr\/wp-content\/uploads\/2016\/09\/Mangeoire--768x1094.jpg 768w, https:\/\/eclisseetbrindille.fr\/wp-content\/uploads\/2016\/09\/Mangeoire--719x1024.jpg 719w\" sizes=\"auto, (max-width: 211px) 100vw, 211px\" \/><\/a>\n\t\t\t<\/dt>\n\t\t\t\t<dd class='wp-caption-text gallery-caption' id='gallery-1-616'>\n\t\t\t\tMangeoire\n\t\t\t\t<\/dd><\/dl><dl class='gallery-item'>\n\t\t\t<dt class='gallery-icon portrait'>\n\t\t\t\t<a href='https:\/\/eclisseetbrindille.fr\/wp-content\/uploads\/2017\/05\/Suspension-rustique.jpg'><img loading=\"lazy\" decoding=\"async\" width=\"232\" height=\"300\" src=\"https:\/\/eclisseetbrindille.fr\/wp-content\/uploads\/2017\/05\/Suspension-rustique-232x300.jpg\" class=\"attachment-medium size-medium\" alt=\"\" aria-describedby=\"gallery-1-746\" srcset=\"https:\/\/eclisseetbrindille.fr\/wp-content\/uploads\/2017\/05\/Suspension-rustique-232x300.jpg 232w, https:\/\/eclisseetbrindille.fr\/wp-content\/uploads\/2017\/05\/Suspension-rustique-768x995.jpg 768w, https:\/\/eclisseetbrindille.fr\/wp-content\/uploads\/2017\/05\/Suspension-rustique-790x1024.jpg 790w\" sizes=\"auto, (max-width: 232px) 100vw, 232px\" \/><\/a>\n\t\t\t<\/dt>\n\t\t\t\t<dd class='wp-caption-text gallery-caption' id='gallery-1-746'>\n\t\t\t\tSuspension rustique\n\t\t\t\t<\/dd><\/dl><dl class='gallery-item'>\n\t\t\t<dt class='gallery-icon portrait'>\n\t\t\t\t<a href='https:\/\/eclisseetbrindille.fr\/wp-content\/uploads\/2017\/05\/Nichoir-mangeoire-noisetier-lierre.jpg'><img loading=\"lazy\" decoding=\"async\" width=\"213\" height=\"300\" src=\"https:\/\/eclisseetbrindille.fr\/wp-content\/uploads\/2017\/05\/Nichoir-mangeoire-noisetier-lierre-213x300.jpg\" class=\"attachment-medium size-medium\" alt=\"\" aria-describedby=\"gallery-1-745\" srcset=\"https:\/\/eclisseetbrindille.fr\/wp-content\/uploads\/2017\/05\/Nichoir-mangeoire-noisetier-lierre-213x300.jpg 213w, https:\/\/eclisseetbrindille.fr\/wp-content\/uploads\/2017\/05\/Nichoir-mangeoire-noisetier-lierre-768x1083.jpg 768w, https:\/\/eclisseetbrindille.fr\/wp-content\/uploads\/2017\/05\/Nichoir-mangeoire-noisetier-lierre-726x1024.jpg 726w\" sizes=\"auto, (max-width: 213px) 100vw, 213px\" \/><\/a>\n\t\t\t<\/dt>\n\t\t\t\t<dd class='wp-caption-text gallery-caption' id='gallery-1-745'>\n\t\t\t\tNichoir mangeoire noisetier lierre\n\t\t\t\t<\/dd><\/dl><dl class='gallery-item'>\n\t\t\t<dt class='gallery-icon portrait'>\n\t\t\t\t<a href='https:\/\/eclisseetbrindille.fr\/wp-content\/uploads\/2017\/05\/Mangeoire-rustique.jpg'><img loading=\"lazy\" decoding=\"async\" width=\"196\" height=\"300\" src=\"https:\/\/eclisseetbrindille.fr\/wp-content\/uploads\/2017\/05\/Mangeoire-rustique-196x300.jpg\" class=\"attachment-medium size-medium\" alt=\"\" aria-describedby=\"gallery-1-744\" srcset=\"https:\/\/eclisseetbrindille.fr\/wp-content\/uploads\/2017\/05\/Mangeoire-rustique-196x300.jpg 196w, https:\/\/eclisseetbrindille.fr\/wp-content\/uploads\/2017\/05\/Mangeoire-rustique-768x1177.jpg 768w, https:\/\/eclisseetbrindille.fr\/wp-content\/uploads\/2017\/05\/Mangeoire-rustique-668x1024.jpg 668w\" sizes=\"auto, (max-width: 196px) 100vw, 196px\" \/><\/a>\n\t\t\t<\/dt>\n\t\t\t\t<dd class='wp-caption-text gallery-caption' id='gallery-1-744'>\n\t\t\t\tMangeoire rustique\n\t\t\t\t<\/dd><\/dl><br style=\"clear: both\" \/><dl class='gallery-item'>\n\t\t\t<dt class='gallery-icon portrait'>\n\t\t\t\t<a href='https:\/\/eclisseetbrindille.fr\/wp-content\/uploads\/2017\/05\/Panier-corbeille-2.jpg'><img loading=\"lazy\" decoding=\"async\" width=\"109\" height=\"300\" src=\"https:\/\/eclisseetbrindille.fr\/wp-content\/uploads\/2017\/05\/Panier-corbeille-2-109x300.jpg\" class=\"attachment-medium size-medium\" alt=\"\" aria-describedby=\"gallery-1-752\" srcset=\"https:\/\/eclisseetbrindille.fr\/wp-content\/uploads\/2017\/05\/Panier-corbeille-2-109x300.jpg 109w, https:\/\/eclisseetbrindille.fr\/wp-content\/uploads\/2017\/05\/Panier-corbeille-2-371x1024.jpg 371w, https:\/\/eclisseetbrindille.fr\/wp-content\/uploads\/2017\/05\/Panier-corbeille-2.jpg 681w\" sizes=\"auto, (max-width: 109px) 100vw, 109px\" \/><\/a>\n\t\t\t<\/dt>\n\t\t\t\t<dd class='wp-caption-text gallery-caption' id='gallery-1-752'>\n\t\t\t\tPanier corbeille pr\u00e9sentoir\n\t\t\t\t<\/dd><\/dl><dl class='gallery-item'>\n\t\t\t<dt class='gallery-icon landscape'>\n\t\t\t\t<a href='https:\/\/eclisseetbrindille.fr\/wp-content\/uploads\/2017\/06\/Mangeoire.jpg'><img loading=\"lazy\" decoding=\"async\" width=\"300\" height=\"298\" src=\"https:\/\/eclisseetbrindille.fr\/wp-content\/uploads\/2017\/06\/Mangeoire-300x298.jpg\" class=\"attachment-medium size-medium\" alt=\"\" srcset=\"https:\/\/eclisseetbrindille.fr\/wp-content\/uploads\/2017\/06\/Mangeoire-300x298.jpg 300w, https:\/\/eclisseetbrindille.fr\/wp-content\/uploads\/2017\/06\/Mangeoire-150x150.jpg 150w, https:\/\/eclisseetbrindille.fr\/wp-content\/uploads\/2017\/06\/Mangeoire-768x762.jpg 768w, https:\/\/eclisseetbrindille.fr\/wp-content\/uploads\/2017\/06\/Mangeoire-1024x1017.jpg 1024w\" sizes=\"auto, (max-width: 300px) 100vw, 300px\" \/><\/a>\n\t\t\t<\/dt><\/dl><dl class='gallery-item'>\n\t\t\t<dt class='gallery-icon portrait'>\n\t\t\t\t<a href='https:\/\/eclisseetbrindille.fr\/wp-content\/uploads\/2018\/06\/Mangeoire-gui-2-.jpg'><img loading=\"lazy\" decoding=\"async\" width=\"166\" height=\"300\" src=\"https:\/\/eclisseetbrindille.fr\/wp-content\/uploads\/2018\/06\/Mangeoire-gui-2--166x300.jpg\" class=\"attachment-medium size-medium\" alt=\"\" aria-describedby=\"gallery-1-918\" srcset=\"https:\/\/eclisseetbrindille.fr\/wp-content\/uploads\/2018\/06\/Mangeoire-gui-2--166x300.jpg 166w, https:\/\/eclisseetbrindille.fr\/wp-content\/uploads\/2018\/06\/Mangeoire-gui-2--768x1390.jpg 768w, https:\/\/eclisseetbrindille.fr\/wp-content\/uploads\/2018\/06\/Mangeoire-gui-2--566x1024.jpg 566w, https:\/\/eclisseetbrindille.fr\/wp-content\/uploads\/2018\/06\/Mangeoire-gui-2-.jpg 1721w\" sizes=\"auto, (max-width: 166px) 100vw, 166px\" \/><\/a>\n\t\t\t<\/dt>\n\t\t\t\t<dd class='wp-caption-text gallery-caption' id='gallery-1-918'>\n\t\t\t\tMangeoire gui 2\n\t\t\t\t<\/dd><\/dl><dl class='gallery-item'>\n\t\t\t<dt class='gallery-icon portrait'>\n\t\t\t\t<a href='https:\/\/eclisseetbrindille.fr\/wp-content\/uploads\/2018\/06\/Mangeoire-gui-1.jpg'><img loading=\"lazy\" decoding=\"async\" width=\"158\" height=\"300\" src=\"https:\/\/eclisseetbrindille.fr\/wp-content\/uploads\/2018\/06\/Mangeoire-gui-1-158x300.jpg\" class=\"attachment-medium size-medium\" alt=\"\" aria-describedby=\"gallery-1-917\" srcset=\"https:\/\/eclisseetbrindille.fr\/wp-content\/uploads\/2018\/06\/Mangeoire-gui-1-158x300.jpg 158w, https:\/\/eclisseetbrindille.fr\/wp-content\/uploads\/2018\/06\/Mangeoire-gui-1-768x1461.jpg 768w, https:\/\/eclisseetbrindille.fr\/wp-content\/uploads\/2018\/06\/Mangeoire-gui-1-538x1024.jpg 538w, https:\/\/eclisseetbrindille.fr\/wp-content\/uploads\/2018\/06\/Mangeoire-gui-1.jpg 1721w\" sizes=\"auto, (max-width: 158px) 100vw, 158px\" \/><\/a>\n\t\t\t<\/dt>\n\t\t\t\t<dd class='wp-caption-text gallery-caption' id='gallery-1-917'>\n\t\t\t\tMangeoire gui 1\n\t\t\t\t<\/dd><\/dl><br style=\"clear: both\" \/><dl class='gallery-item'>\n\t\t\t<dt class='gallery-icon portrait'>\n\t\t\t\t<a href='https:\/\/eclisseetbrindille.fr\/wp-content\/uploads\/2018\/06\/Petite-mangeoire-lanterne-champ\u00eatre.png'><img loading=\"lazy\" decoding=\"async\" width=\"165\" height=\"300\" src=\"https:\/\/eclisseetbrindille.fr\/wp-content\/uploads\/2018\/06\/Petite-mangeoire-lanterne-champ\u00eatre-165x300.png\" class=\"attachment-medium size-medium\" alt=\"\" srcset=\"https:\/\/eclisseetbrindille.fr\/wp-content\/uploads\/2018\/06\/Petite-mangeoire-lanterne-champ\u00eatre-165x300.png 165w, https:\/\/eclisseetbrindille.fr\/wp-content\/uploads\/2018\/06\/Petite-mangeoire-lanterne-champ\u00eatre-562x1024.png 562w, https:\/\/eclisseetbrindille.fr\/wp-content\/uploads\/2018\/06\/Petite-mangeoire-lanterne-champ\u00eatre.png 692w\" sizes=\"auto, (max-width: 165px) 100vw, 165px\" \/><\/a>\n\t\t\t<\/dt><\/dl>\n\t\t\t<br style='clear: both' \/>\n\t\t<\/div>\n\n","protected":false},"excerpt":{"rendered":"","protected":false},"author":1,"featured_media":0,"parent":0,"menu_order":0,"comment_status":"closed","ping_status":"closed","template":"","meta":{"footnotes":""},"class_list":["post-174","page","type-page","status-publish","hentry"],"_links":{"self":[{"href":"https:\/\/eclisseetbrindille.fr\/index.php\/wp-json\/wp\/v2\/pages\/174","targetHints":{"allow":["GET"]}}],"collection":[{"href":"https:\/\/eclisseetbrindille.fr\/index.php\/wp-json\/wp\/v2\/pages"}],"about":[{"href":"https:\/\/eclisseetbrindille.fr\/index.php\/wp-json\/wp\/v2\/types\/page"}],"author":[{"embeddable":true,"href":"https:\/\/eclisseetbrindille.fr\/index.php\/wp-json\/wp\/v2\/users\/1"}],"replies":[{"embeddable":true,"href":"https:\/\/eclisseetbrindille.fr\/index.php\/wp-json\/wp\/v2\/comments?post=174"}],"version-history":[{"count":77,"href":"https:\/\/eclisseetbrindille.fr\/index.php\/wp-json\/wp\/v2\/pages\/174\/revisions"}],"predecessor-version":[{"id":1440,"href":"https:\/\/eclisseetbrindille.fr\/index.php\/wp-json\/wp\/v2\/pages\/174\/revisions\/1440"}],"wp:attachment":[{"href":"https:\/\/eclisseetbrindille.fr\/index.php\/wp-json\/wp\/v2\/media?parent=174"}],"curies":[{"name":"wp","href":"https:\/\/api.w.org\/{rel}","templated":true}]}}